{"id":849,"date":"2025-06-18T11:56:17","date_gmt":"2025-06-18T09:56:17","guid":{"rendered":"https:\/\/festivalechodesmots.fr\/?post_type=tribe_events&#038;p=849"},"modified":"2026-04-01T11:19:45","modified_gmt":"2026-04-01T09:19:45","slug":"sur-locean-de-mes-desirs","status":"publish","type":"tribe_events","link":"https:\/\/festivalechodesmots.fr\/index.php\/event\/sur-locean-de-mes-desirs\/","title":{"rendered":"Sur l&rsquo;oc\u00e9an de mes d\u00e9sirs"},"content":{"rendered":"<div  class=\"tribe-events-schedule tribe-clearfix\" >\n\t<p class=\"tribe-events-schedule__datetime\">\n\t\t<span class=\"tribe-events-schedule__date tribe-events-schedule__date--start\">\n\t\t\t11 ao\u00fbt, 2025\t\t<\/span>\n\n\t\t\t\t\t<span class=\"tribe-events-schedule__separator tribe-events-schedule__separator--date\">\n\t\t\t\t \u00e0 \t\t\t<\/span>\n\t\t\t<span class=\"tribe-events-schedule__time tribe-events-schedule__time--start\">\n\t\t\t\t18h00\t\t\t<\/span>\n\t\t\n\t\t\t\t\t\t\t\t\t<span class=\"tribe-events-schedule__separator tribe-events-schedule__separator--time\">\n\t\t\t\t\tjusqu\\&#039;\u00e0\t\t\t\t<\/span>\n\t\t\t\n\t\t\t\t\t\t\t<span class=\"tribe-events-schedule__time tribe-events-schedule__time--end\">\n\t\t\t\t\t19h15\t\t\t\t<\/span>\n\t\t\t\n\t\t\t\t\t\t<\/p>\n<\/div>\n\n\n<div class=\"tribe-events-event-image\"><img fetchpriority=\"high\" decoding=\"async\" width=\"1536\" height=\"2048\" src=\"https:\/\/festivalechodesmots.fr\/wp-content\/uploads\/2025\/07\/30-Un-ocean-de-mes-desirs-Olivier-Sessa.jpg\" class=\"attachment-full size-full wp-post-image\" alt=\"\" srcset=\"https:\/\/festivalechodesmots.fr\/wp-content\/uploads\/2025\/07\/30-Un-ocean-de-mes-desirs-Olivier-Sessa.jpg 1536w, https:\/\/festivalechodesmots.fr\/wp-content\/uploads\/2025\/07\/30-Un-ocean-de-mes-desirs-Olivier-Sessa-225x300.jpg 225w, https:\/\/festivalechodesmots.fr\/wp-content\/uploads\/2025\/07\/30-Un-ocean-de-mes-desirs-Olivier-Sessa-768x1024.jpg 768w, https:\/\/festivalechodesmots.fr\/wp-content\/uploads\/2025\/07\/30-Un-ocean-de-mes-desirs-Olivier-Sessa-1152x1536.jpg 1152w\" sizes=\"(max-width: 1536px) 100vw, 1536px\" \/><\/div>\n\n\n<div id=\"wp-block-themeisle-blocks-button-group-96c9dfd7\" class=\"wp-block-themeisle-blocks-button-group wp-block-buttons align-center-desktop\">\n<div id=\"wp-block-themeisle-blocks-button-3190353b\" class=\"wp-block-themeisle-blocks-button wp-block-button\"><a href=\"https:\/\/www.vostickets.net\/billet\/FR\/representation-ST_JEAN_ST_NICOLAS-28715-0.wb?REFID=0y4xAAAAAAAgAA\" target=\"_blank\" rel=\"noopener noreferrer\" class=\"wp-block-button__link\"><span>R\u00e9servez vos places !<\/span><\/a><\/div>\n<\/div>\n\n\n<h3><strong>Olivier Sessa + invit\u00e9s \/ <\/strong>Morbihan<\/h3>\n<p><strong>Contes, chansons, musiques et sketches<\/strong><\/p>\n<p><strong>De 7 \u00e0 107 ans<\/strong><\/p>\n<p><strong>1h10<\/strong><\/p>\n<p>En faisant le point sur sa vie d&rsquo;Humain et de conteur intimement li\u00e9s, Olivier nous ram\u00e8ne \u00e0 l&rsquo;essence du festival qu&rsquo;il a anim\u00e9 avec enthousiasme pendant 17 ans. Ainsi il rappelle que le conte a de beaux jours devant lui : il est au carrefour de toutes les expressions. Il tente d&rsquo;ouvrir les chemins d&rsquo;autres possibles. Il fait appel \u00e0 notre part sensible.<\/p>\n<p>Conter, c&rsquo;est croire si fort en ses r\u00eaves qu&rsquo;un jour ils deviennent r\u00e9alit\u00e9. D\u00e9p\u00eachez-vous, Sessa DER ! Hunvreou da wir !<\/p>\n\n<div  class=\"tribe-events-single-section tribe-events-event-meta primary tribe-clearfix\" >\n\t\n\t\n<div class=\"tribe-events-meta-group tribe-events-meta-group-details\">\n\t<h3 class=\"tribe-events-single-section-title\">\n\t\t\t\t\tD\u00e9tails\t\t\n\t<\/h3>\n\t<ul class=\"tribe-events-meta-list\">\n\n\t\t\n\t\t\t<li class=\"tribe-events-meta-item\">\n\t\t\t\t<span class=\"tribe-events-meta-label\">Date :<\/span>\n\t\t\t\t<span class=\"tribe-events-meta-value\">\n\t\t\t\t\t<abbr class=\"tribe-events-abbr tribe-events-start-date published dtstart\" title=\"2025-08-11\"> 11 ao\u00fbt, 2025 <\/abbr>\n\t\t\t\t<\/span>\n\t\t\t<\/li>\n\n\t\t\t<li class=\"tribe-events-meta-item\">\n\t\t\t\t<span class=\"tribe-events-meta-label\">Heure\u00a0:<\/span>\n\t\t\t\t<span class=\"tribe-events-meta-value\">\n\t\t\t\t\t<div class=\"tribe-events-abbr tribe-events-start-time published dtstart\" title=\"2025-08-11\">\n\t\t\t\t\t\t18h00jusqu\\&#039;\u00e019h15\t\t\t\t\t\t\t\t\t\t\t<\/div>\n\t\t\t\t<\/span>\n\t\t\t<\/li>\n\n\t\t\n\t\t\t\t\t<li class=\"tribe-events-meta-item\">\n\t\t\t\t<span class=\"tribe-events-meta-label\">Prix\u00a0:<\/span>\n\t\t\t\t<span class=\"tribe-events-event-cost tribe-events-meta-value\"> 7\u20ac <\/span>\n\t\t\t<\/li>\n\t\t\n\t\t\n\t\t<li class=\"tribe-events-meta-item\"><span class=\"tribe-events-event-categories-label tribe-events-meta-label\">Cat\u00e9gories d\u2019\u00c9v\u00e8nement:<\/span> <span class=\"tribe-events-event-categories tribe-events-meta-value\"><a href=\"https:\/\/festivalechodesmots.fr\/index.php\/events\/categorie\/spectacles\/conte\/\" rel=\"tag\">Conte<\/a>, <a href=\"https:\/\/festivalechodesmots.fr\/index.php\/events\/categorie\/spectacles\/musique\/\" rel=\"tag\">Musique<\/a>, <a href=\"https:\/\/festivalechodesmots.fr\/index.php\/events\/categorie\/spectacles\/\" rel=\"tag\">Spectacles<\/a><\/span><\/li>\n\t\t<li class=\"tribe-events-meta-item\"><span class=\"tribe-event-tags-label tribe-events-meta-label\">\u00c9v\u00e8nement Tags:<\/span><span class=\"tribe-event-tags tribe-events-meta-value\"><a href=\"https:\/\/festivalechodesmots.fr\/events\/etiquette\/11-aout\/\" rel=\"tag\">11 ao\u00fbt<\/a>, <a href=\"https:\/\/festivalechodesmots.fr\/events\/etiquette\/spectacle\/\" rel=\"tag\">Spectacle<\/a><\/span><\/li>\n\t\t\n\t\t\t<\/ul>\n<\/div>\n\t\n<div class=\"tribe-events-meta-group tribe-events-meta-group-organizer\">\n\t<h3 class=\"tribe-events-single-section-title\">\n\t\t\t\t\tOrganisateur\t\t\t<\/h3>\n\t<ul class=\"tribe-events-meta-list tribe-events-meta-list-organizer\">\n\t\t\t\t\t<li class=\"tribe-events-meta-item\">\n\t\t\t\t<span class=\"tribe-organizer tribe-events-meta-value\">\n\t\t\t\t\tFestival Echo Des Mots\t\t\t\t<\/span>\n\t\t\t<\/li>\n\t\t\t\t<\/ul>\n<\/div>\n\n\t<\/div>\n\n\n\t<div  class=\"tribe-block tribe-block__events-link\" >\n\t\t<div class=\"tribe-events tribe-common\">\n\t\t\t<div class=\"tribe-events-c-subscribe-dropdown__container\">\n\t\t\t\t<div class=\"tribe-events-c-subscribe-dropdown\">\n\t\t\t\t\t<div class=\"tribe-common-c-btn-border tribe-events-c-subscribe-dropdown__button\">\n\t\t\t\t\t\t<svg\n\t class=\"tribe-common-c-svgicon tribe-common-c-svgicon--cal-export tribe-events-c-subscribe-dropdown__export-icon\" \taria-hidden=\"true\"\n\tviewBox=\"0 0 23 17\"\n\txmlns=\"http:\/\/www.w3.org\/2000\/svg\"\n>\n\t<path fill-rule=\"evenodd\" clip-rule=\"evenodd\" d=\"M.128.896V16.13c0 .211.145.383.323.383h15.354c.179 0 .323-.172.323-.383V.896c0-.212-.144-.383-.323-.383H.451C.273.513.128.684.128.896Zm16 6.742h-.901V4.679H1.009v10.729h14.218v-3.336h.901V7.638ZM1.01 1.614h14.218v2.058H1.009V1.614Z\" \/>\n\t<path d=\"M20.5 9.846H8.312M18.524 6.953l2.89 2.909-2.855 2.855\" stroke-width=\"1.2\" stroke-linecap=\"round\" stroke-linejoin=\"round\"\/>\n<\/svg>\n\t\t\t\t\t\t<button\n\t\t\t\t\t\t\tclass=\"tribe-events-c-subscribe-dropdown__button-text\"\n\t\t\t\t\t\t\taria-expanded=\"false\"\n\t\t\t\t\t\t\taria-controls=\"tribe-events-subscribe-dropdown-content\"\n\t\t\t\t\t\t\taria-label=\"Afficher les liens permettant d\u2019ajouter des \u00e9v\u00e8nements \u00e0 votre calendrier\"\n\t\t\t\t\t\t>\n\t\t\t\t\t\t\tAjouter au calendrier\t\t\t\t\t\t<\/button>\n\t\t\t\t\t\t<svg\n\t class=\"tribe-common-c-svgicon tribe-common-c-svgicon--caret-down tribe-events-c-subscribe-dropdown__button-icon\" \taria-hidden=\"true\"\n\tviewBox=\"0 0 10 7\"\n\txmlns=\"http:\/\/www.w3.org\/2000\/svg\"\n>\n\t<path fill-rule=\"evenodd\" clip-rule=\"evenodd\" d=\"M1.008.609L5 4.6 8.992.61l.958.958L5 6.517.05 1.566l.958-.958z\" class=\"tribe-common-c-svgicon__svg-fill\"\/>\n<\/svg>\n\t\t\t\t\t<\/div>\n\t\t\t\t\t<div id=\"tribe-events-subscribe-dropdown-content\" class=\"tribe-events-c-subscribe-dropdown__content\">\n\t\t\t\t\t\t<ul class=\"tribe-events-c-subscribe-dropdown__list\">\n\t\t\t\t\t\t\t\t\t\t\t\t\t\t\t<li class=\"tribe-events-c-subscribe-dropdown__list-item tribe-events-c-subscribe-dropdown__list-item--gcal\">\n\t\t\t\t\t\t\t\t\t<a\n\t\t\t\t\t\t\t\t\t\thref=\"https:\/\/www.google.com\/calendar\/event?action=TEMPLATE&#038;dates=20250811T180000\/20250811T191500&#038;text=Sur%20l%26rsquo%3Boc%C3%A9an%20de%20mes%20d%C3%A9sirs&#038;details=%3Cdiv+id%3D%22wp-block-themeisle-blocks-button-group-96c9dfd7%22+class%3D%22wp-block-themeisle-blocks-button-group+wp-block-buttons+align-center-desktop%22%3E%3Cdiv+id%3D%22wp-block-themeisle-blocks-button-3190353b%22+class%3D%22wp-block-themeisle-blocks-button+wp-block-button%22%3E%3Ca+href%3D%22https%3A%2F%2Fwww.vostickets.net%2Fbillet%2FFR%2Frepresentation-ST_JEAN_ST_NICOLAS-28715-0.wb%3FREFID%3D0y4xAAAAAAAgAA%22+target%3D%22_blank%22+rel%3D%22noopener+noreferrer%22+class%3D%22wp-block-button__link%22%3E%3Cspan%3ER%C3%A9servez+vos+places+%21%3C%2Fspan%3E%3C%2Fa%3E%3C%2Fdiv%3E%3C%2Fdiv%3E%3Ch3%3E%3Cstrong%3EOlivier+Sessa+%2B+invit%C3%A9s+%2F+%3C%2Fstrong%3EMorbihan%3C%2Fh3%3E%3Cp%3E%3Cstrong%3EContes%2C+chansons%2C+musiques+et+sketches%3C%2Fstrong%3E%3C%2Fp%3E+%3Cp%3E%3Cstrong%3EDe+7+%C3%A0+107+ans%3C%2Fstrong%3E%3C%2Fp%3E+%3Cp%3E%3Cstrong%3E1h10%3C%2Fstrong%3E%3C%2Fp%3E+%3Cp%3EEn+faisant+le+point+sur+sa+vie+d%27Humain+et+de+conteur+intimement+li%C3%A9s%2C+Olivier+nous+ram%C3%A8ne+%C3%A0+l%27essence+du+festival+qu%27il+a+anim%C3%A9+avec+enthousiasme+pendant+17+ans.+Ainsi+il+rappelle+que+le+conte+a+de+beaux+jours+devant+lui+%3A+il+est+au+carrefour+de+toutes+les+expressions.+Il+tente+d%27ouvrir+les+c%3C%2Fp%3E%28Voir+toute+la+description+de+%C3%A9v%C3%A8nement+ici%C2%A0%3A+https%3A%2F%2Ffestivalechodesmots.fr%2Findex.php%2Fevent%2Fsur-locean-de-mes-desirs%2F%29&#038;location=Chapiteau,%20Base%20de%20Loisirs%20du%20Ch\u00e2telard,%20Saint-Jean-Saint-Nicolas,%20HAUTES-ALPES,%2005260,%20France&#038;trp=false&#038;ctz=Europe\/Paris&#038;sprop=website:https:\/\/festivalechodesmots.fr\"\n\t\t\t\t\t\t\t\t\t\tclass=\"tribe-events-c-subscribe-dropdown__list-item-link\"\n\t\t\t\t\t\t\t\t\t\ttarget=\"_blank\"\n\t\t\t\t\t\t\t\t\t\trel=\"noopener noreferrer nofollow noindex\"\n\t\t\t\t\t\t\t\t\t>\n\t\t\t\t\t\t\t\t\t\tGoogle Agenda\t\t\t\t\t\t\t\t\t<\/a>\n\t\t\t\t\t\t\t\t<\/li>\n\t\t\t\t\t\t\t\t\t\t\t\t\t\t\t<li class=\"tribe-events-c-subscribe-dropdown__list-item tribe-events-c-subscribe-dropdown__list-item--ical\">\n\t\t\t\t\t\t\t\t\t<a\n\t\t\t\t\t\t\t\t\t\thref=\"\"\n\t\t\t\t\t\t\t\t\t\tclass=\"tribe-events-c-subscribe-dropdown__list-item-link\"\n\t\t\t\t\t\t\t\t\t\ttarget=\"_blank\"\n\t\t\t\t\t\t\t\t\t\trel=\"noopener noreferrer nofollow noindex\"\n\t\t\t\t\t\t\t\t\t>\n\t\t\t\t\t\t\t\t\t\tiCalendar\t\t\t\t\t\t\t\t\t<\/a>\n\t\t\t\t\t\t\t\t<\/li>\n\t\t\t\t\t\t\t\t\t\t\t\t\t\t\t<li class=\"tribe-events-c-subscribe-dropdown__list-item tribe-events-c-subscribe-dropdown__list-item--outlook-365\">\n\t\t\t\t\t\t\t\t\t<a\n\t\t\t\t\t\t\t\t\t\thref=\"\"\n\t\t\t\t\t\t\t\t\t\tclass=\"tribe-events-c-subscribe-dropdown__list-item-link\"\n\t\t\t\t\t\t\t\t\t\ttarget=\"_blank\"\n\t\t\t\t\t\t\t\t\t\trel=\"noopener noreferrer nofollow noindex\"\n\t\t\t\t\t\t\t\t\t>\n\t\t\t\t\t\t\t\t\t\tOutlook 365\t\t\t\t\t\t\t\t\t<\/a>\n\t\t\t\t\t\t\t\t<\/li>\n\t\t\t\t\t\t\t\t\t\t\t\t\t\t\t<li class=\"tribe-events-c-subscribe-dropdown__list-item tribe-events-c-subscribe-dropdown__list-item--outlook-live\">\n\t\t\t\t\t\t\t\t\t<a\n\t\t\t\t\t\t\t\t\t\thref=\"\"\n\t\t\t\t\t\t\t\t\t\tclass=\"tribe-events-c-subscribe-dropdown__list-item-link\"\n\t\t\t\t\t\t\t\t\t\ttarget=\"_blank\"\n\t\t\t\t\t\t\t\t\t\trel=\"noopener noreferrer nofollow noindex\"\n\t\t\t\t\t\t\t\t\t>\n\t\t\t\t\t\t\t\t\t\tOutlook Live\t\t\t\t\t\t\t\t\t<\/a>\n\t\t\t\t\t\t\t\t<\/li>\n\t\t\t\t\t\t\t\t\t\t\t\t\t<\/ul>\n\t\t\t\t\t<\/div>\n\t\t\t\t<\/div>\n\t\t\t<\/div>\n\t\t<\/div>\n\t<\/div>\n\n\n\n\n<div id=\"wp-block-themeisle-blocks-button-group-a592b6c5\" class=\"wp-block-themeisle-blocks-button-group wp-block-buttons align-center-desktop\">\n<div id=\"wp-block-themeisle-blocks-button-63f656cb\" class=\"wp-block-themeisle-blocks-button wp-block-button\"><a href=\"https:\/\/www.vostickets.net\/billet\/FR\/representation-ST_JEAN_ST_NICOLAS-28715-0.wb?REFID=0y4xAAAAAAAgAA\" target=\"_blank\" rel=\"noopener noreferrer\" class=\"wp-block-button__link\"><span>R\u00e9servez vos places !<\/span><\/a><\/div>\n<\/div>\n\n\n<div  class=\"tribe-block tribe-block__venue tribe-clearfix\" >\n\t\n\t\n<div class=\"tribe-block__venue__meta\">\n\t<div class=\"tribe-block__venue__name\">\n\t\t<h3>Chapiteau<\/h3>\n\t<\/div>\n\n\t\n\t\t\t\t\t\t<address class=\"tribe-block__venue__address\">\n\t\t\t\t<span class=\"tribe-address\">\n\n<span class=\"tribe-street-address\">Base de Loisirs du Ch\u00e2telard<\/span>\n\t\n\t\t<br>\n\t\t<span class=\"tribe-locality\">Saint-Jean-Saint-Nicolas<\/span><span class=\"tribe-delimiter\">,<\/span>\n\n\t<abbr class=\"tribe-region tribe-events-abbr\" title=\"HAUTES-ALPES\">HAUTES-ALPES<\/abbr>\n\n\t<span class=\"tribe-postal-code\">05260<\/span>\n\n\t<span class=\"tribe-country-name\">France<\/span>\n\n<\/span>\n\n\t\t\t\t\t\t\t<\/address>\n\t\t\n\t\t\n\t\t\t\n\t<\/div>\n\t\n\t<\/div>\n","protected":false},"excerpt":{"rendered":"<p>Olivier Sessa + invit\u00e9s \/ Morbihan Contes, chansons, musiques et sketches De 7 \u00e0 107 ans 1h10 En faisant le point sur sa vie d&rsquo;Humain et de conteur intimement li\u00e9s,&#8230;<\/p>\n","protected":false},"author":1,"featured_media":1464,"template":"","meta":{"_EventAllDay":false,"_EventTimezone":"Europe\/Paris","_EventStartDate":"2025-08-11 18:00:00","_EventEndDate":"2025-08-11 19:15:00","_EventStartDateUTC":"2025-08-11 16:00:00","_EventEndDateUTC":"2025-08-11 17:15:00","_EventShowMap":true,"_EventShowMapLink":true,"_EventURL":"","_EventCost":"7","_EventCostDescription":"","_EventCurrencySymbol":"\u20ac","_EventCurrencyCode":"EUR","_EventCurrencyPosition":"suffix","_EventDateTimeSeparator":"","_EventTimeRangeSeparator":"","_EventOrganizerID":[73],"_EventVenueID":[72],"_OrganizerEmail":"","_OrganizerPhone":"","_OrganizerWebsite":"","_VenueAddress":"","_VenueCity":"","_VenueCountry":"","_VenueProvince":"","_VenueState":"","_VenueZip":"","_VenuePhone":"","_VenueURL":"","_VenueStateProvince":"","_VenueLat":"","_VenueLng":"","_VenueShowMap":false,"_VenueShowMapLink":false,"_themeisle_gutenberg_block_has_review":false,"_kad_post_transparent":"","_kad_post_title":"","_kad_post_layout":"","_kad_post_sidebar_id":"","_kad_post_content_style":"","_kad_post_vertical_padding":"","_kad_post_feature":"","_kad_post_feature_position":"","_kad_post_header":false,"_kad_post_footer":false,"_kad_post_classname":"","_tribe_events_status":"","_tribe_events_status_reason":"","footnotes":""},"tags":[28,46],"tribe_events_cat":[12,18,5],"class_list":["post-849","tribe_events","type-tribe_events","status-publish","has-post-thumbnail","hentry","tag-11-aout","tag-spectacle","tribe_events_cat-conte","tribe_events_cat-musique","tribe_events_cat-spectacles","cat_conte","cat_musique","cat_spectacles"],"yoast_head":"<!-- This site is optimized with the Yoast SEO plugin v27.4 - https:\/\/yoast.com\/product\/yoast-seo-wordpress\/ -->\n<title>Sur l&#039;oc\u00e9an de mes d\u00e9sirs - Festival Echo des Mots<\/title>\n<meta name=\"description\" content=\"En faisant le point sur sa vie d&#039;Humain et de conteur intimement li\u00e9s, Olivier nous ram\u00e8ne \u00e0 l&#039;essence du festival qu&#039;il a anim\u00e9 avec enthousiasme pendant 17 ans. Ainsi il rappelle que le conte a de beaux jours devant lui : il est au carrefour de toutes les expressions. Il tente d&#039;ouvrir les chemins d&#039;autres possibles. Il fait appel \u00e0 notre part sensible.Conter, c&#039;est croire si fort en ses r\u00eaves qu&#039;un jour ils deviennent r\u00e9alit\u00e9. D\u00e9p\u00eachez-vous, Sessa DER ! Hunvreou da wir !\" \/>\n<meta name=\"robots\" content=\"index, follow, max-snippet:-1, max-image-preview:large, max-video-preview:-1\" \/>\n<link rel=\"canonical\" href=\"https:\/\/festivalechodesmots.fr\/index.php\/event\/sur-locean-de-mes-desirs\/\" \/>\n<meta property=\"og:locale\" content=\"fr_FR\" \/>\n<meta property=\"og:type\" content=\"article\" \/>\n<meta property=\"og:title\" content=\"Sur l&#039;oc\u00e9an de mes d\u00e9sirs - Festival Echo des Mots\" \/>\n<meta property=\"og:description\" content=\"En faisant le point sur sa vie d&#039;Humain et de conteur intimement li\u00e9s, Olivier nous ram\u00e8ne \u00e0 l&#039;essence du festival qu&#039;il a anim\u00e9 avec enthousiasme pendant 17 ans. Ainsi il rappelle que le conte a de beaux jours devant lui : il est au carrefour de toutes les expressions. Il tente d&#039;ouvrir les chemins d&#039;autres possibles. Il fait appel \u00e0 notre part sensible.Conter, c&#039;est croire si fort en ses r\u00eaves qu&#039;un jour ils deviennent r\u00e9alit\u00e9. D\u00e9p\u00eachez-vous, Sessa DER ! Hunvreou da wir !\" \/>\n<meta property=\"og:url\" content=\"https:\/\/festivalechodesmots.fr\/index.php\/event\/sur-locean-de-mes-desirs\/\" \/>\n<meta property=\"og:site_name\" content=\"Festival Echo des Mots\" \/>\n<meta property=\"article:modified_time\" content=\"2026-04-01T09:19:45+00:00\" \/>\n<meta property=\"og:image\" content=\"https:\/\/festivalechodesmots.fr\/wp-content\/uploads\/2025\/07\/30-Un-ocean-de-mes-desirs-Olivier-Sessa.jpg\" \/>\n\t<meta property=\"og:image:width\" content=\"1536\" \/>\n\t<meta property=\"og:image:height\" content=\"2048\" \/>\n\t<meta property=\"og:image:type\" content=\"image\/jpeg\" \/>\n<meta name=\"twitter:card\" content=\"summary_large_image\" \/>\n<meta name=\"twitter:label1\" content=\"Dur\u00e9e de lecture estim\u00e9e\" \/>\n\t<meta name=\"twitter:data1\" content=\"1 minute\" \/>\n<script type=\"application\/ld+json\" class=\"yoast-schema-graph\">{\"@context\":\"https:\\\/\\\/schema.org\",\"@graph\":[{\"@type\":\"WebPage\",\"@id\":\"https:\\\/\\\/festivalechodesmots.fr\\\/index.php\\\/event\\\/sur-locean-de-mes-desirs\\\/\",\"url\":\"https:\\\/\\\/festivalechodesmots.fr\\\/index.php\\\/event\\\/sur-locean-de-mes-desirs\\\/\",\"name\":\"Sur l'oc\u00e9an de mes d\u00e9sirs - Festival Echo des Mots\",\"isPartOf\":{\"@id\":\"https:\\\/\\\/festivalechodesmots.fr\\\/#website\"},\"primaryImageOfPage\":{\"@id\":\"https:\\\/\\\/festivalechodesmots.fr\\\/index.php\\\/event\\\/sur-locean-de-mes-desirs\\\/#primaryimage\"},\"image\":{\"@id\":\"https:\\\/\\\/festivalechodesmots.fr\\\/index.php\\\/event\\\/sur-locean-de-mes-desirs\\\/#primaryimage\"},\"thumbnailUrl\":\"https:\\\/\\\/festivalechodesmots.fr\\\/wp-content\\\/uploads\\\/2025\\\/07\\\/30-Un-ocean-de-mes-desirs-Olivier-Sessa.jpg\",\"datePublished\":\"2025-06-18T09:56:17+00:00\",\"dateModified\":\"2026-04-01T09:19:45+00:00\",\"description\":\"En faisant le point sur sa vie d'Humain et de conteur intimement li\u00e9s, Olivier nous ram\u00e8ne \u00e0 l'essence du festival qu'il a anim\u00e9 avec enthousiasme pendant 17 ans. Ainsi il rappelle que le conte a de beaux jours devant lui : il est au carrefour de toutes les expressions. Il tente d'ouvrir les chemins d'autres possibles. Il fait appel \u00e0 notre part sensible.Conter, c'est croire si fort en ses r\u00eaves qu'un jour ils deviennent r\u00e9alit\u00e9. D\u00e9p\u00eachez-vous, Sessa DER ! Hunvreou da wir !\",\"breadcrumb\":{\"@id\":\"https:\\\/\\\/festivalechodesmots.fr\\\/index.php\\\/event\\\/sur-locean-de-mes-desirs\\\/#breadcrumb\"},\"inLanguage\":\"fr-FR\",\"potentialAction\":[{\"@type\":\"ReadAction\",\"target\":[\"https:\\\/\\\/festivalechodesmots.fr\\\/index.php\\\/event\\\/sur-locean-de-mes-desirs\\\/\"]}]},{\"@type\":\"ImageObject\",\"inLanguage\":\"fr-FR\",\"@id\":\"https:\\\/\\\/festivalechodesmots.fr\\\/index.php\\\/event\\\/sur-locean-de-mes-desirs\\\/#primaryimage\",\"url\":\"https:\\\/\\\/festivalechodesmots.fr\\\/wp-content\\\/uploads\\\/2025\\\/07\\\/30-Un-ocean-de-mes-desirs-Olivier-Sessa.jpg\",\"contentUrl\":\"https:\\\/\\\/festivalechodesmots.fr\\\/wp-content\\\/uploads\\\/2025\\\/07\\\/30-Un-ocean-de-mes-desirs-Olivier-Sessa.jpg\",\"width\":1536,\"height\":2048},{\"@type\":\"BreadcrumbList\",\"@id\":\"https:\\\/\\\/festivalechodesmots.fr\\\/index.php\\\/event\\\/sur-locean-de-mes-desirs\\\/#breadcrumb\",\"itemListElement\":[{\"@type\":\"ListItem\",\"position\":1,\"name\":\"Accueil\",\"item\":\"https:\\\/\\\/festivalechodesmots.fr\\\/\"},{\"@type\":\"ListItem\",\"position\":2,\"name\":\"\u00c9v\u00e8nements\",\"item\":\"https:\\\/\\\/festivalechodesmots.fr\\\/index.php\\\/events\\\/\"},{\"@type\":\"ListItem\",\"position\":3,\"name\":\"Sur l&rsquo;oc\u00e9an de mes d\u00e9sirs\"}]},{\"@type\":\"WebSite\",\"@id\":\"https:\\\/\\\/festivalechodesmots.fr\\\/#website\",\"url\":\"https:\\\/\\\/festivalechodesmots.fr\\\/\",\"name\":\"Festival Echo des Mots\",\"description\":\"\",\"publisher\":{\"@id\":\"https:\\\/\\\/festivalechodesmots.fr\\\/#organization\"},\"potentialAction\":[{\"@type\":\"SearchAction\",\"target\":{\"@type\":\"EntryPoint\",\"urlTemplate\":\"https:\\\/\\\/festivalechodesmots.fr\\\/?s={search_term_string}\"},\"query-input\":{\"@type\":\"PropertyValueSpecification\",\"valueRequired\":true,\"valueName\":\"search_term_string\"}}],\"inLanguage\":\"fr-FR\"},{\"@type\":\"Organization\",\"@id\":\"https:\\\/\\\/festivalechodesmots.fr\\\/#organization\",\"name\":\"Festival Echo des Mots\",\"url\":\"https:\\\/\\\/festivalechodesmots.fr\\\/\",\"logo\":{\"@type\":\"ImageObject\",\"inLanguage\":\"fr-FR\",\"@id\":\"https:\\\/\\\/festivalechodesmots.fr\\\/#\\\/schema\\\/logo\\\/image\\\/\",\"url\":\"https:\\\/\\\/festivalechodesmots.fr\\\/wp-content\\\/uploads\\\/2025\\\/03\\\/cropped-Logo_Echo_Des_Mots_OK_RVB.png\",\"contentUrl\":\"https:\\\/\\\/festivalechodesmots.fr\\\/wp-content\\\/uploads\\\/2025\\\/03\\\/cropped-Logo_Echo_Des_Mots_OK_RVB.png\",\"width\":512,\"height\":512,\"caption\":\"Festival Echo des Mots\"},\"image\":{\"@id\":\"https:\\\/\\\/festivalechodesmots.fr\\\/#\\\/schema\\\/logo\\\/image\\\/\"}}]}<\/script>\n<!-- \/ Yoast SEO plugin. -->","yoast_head_json":{"title":"Sur l'oc\u00e9an de mes d\u00e9sirs - Festival Echo des Mots","description":"En faisant le point sur sa vie d'Humain et de conteur intimement li\u00e9s, Olivier nous ram\u00e8ne \u00e0 l'essence du festival qu'il a anim\u00e9 avec enthousiasme pendant 17 ans. Ainsi il rappelle que le conte a de beaux jours devant lui : il est au carrefour de toutes les expressions. Il tente d'ouvrir les chemins d'autres possibles. Il fait appel \u00e0 notre part sensible.Conter, c'est croire si fort en ses r\u00eaves qu'un jour ils deviennent r\u00e9alit\u00e9. D\u00e9p\u00eachez-vous, Sessa DER ! Hunvreou da wir !","robots":{"index":"index","follow":"follow","max-snippet":"max-snippet:-1","max-image-preview":"max-image-preview:large","max-video-preview":"max-video-preview:-1"},"canonical":"https:\/\/festivalechodesmots.fr\/index.php\/event\/sur-locean-de-mes-desirs\/","og_locale":"fr_FR","og_type":"article","og_title":"Sur l'oc\u00e9an de mes d\u00e9sirs - Festival Echo des Mots","og_description":"En faisant le point sur sa vie d'Humain et de conteur intimement li\u00e9s, Olivier nous ram\u00e8ne \u00e0 l'essence du festival qu'il a anim\u00e9 avec enthousiasme pendant 17 ans. Ainsi il rappelle que le conte a de beaux jours devant lui : il est au carrefour de toutes les expressions. Il tente d'ouvrir les chemins d'autres possibles. Il fait appel \u00e0 notre part sensible.Conter, c'est croire si fort en ses r\u00eaves qu'un jour ils deviennent r\u00e9alit\u00e9. D\u00e9p\u00eachez-vous, Sessa DER ! Hunvreou da wir !","og_url":"https:\/\/festivalechodesmots.fr\/index.php\/event\/sur-locean-de-mes-desirs\/","og_site_name":"Festival Echo des Mots","article_modified_time":"2026-04-01T09:19:45+00:00","og_image":[{"width":1536,"height":2048,"url":"https:\/\/festivalechodesmots.fr\/wp-content\/uploads\/2025\/07\/30-Un-ocean-de-mes-desirs-Olivier-Sessa.jpg","type":"image\/jpeg"}],"twitter_card":"summary_large_image","twitter_misc":{"Dur\u00e9e de lecture estim\u00e9e":"1 minute"},"schema":{"@context":"https:\/\/schema.org","@graph":[{"@type":"WebPage","@id":"https:\/\/festivalechodesmots.fr\/index.php\/event\/sur-locean-de-mes-desirs\/","url":"https:\/\/festivalechodesmots.fr\/index.php\/event\/sur-locean-de-mes-desirs\/","name":"Sur l'oc\u00e9an de mes d\u00e9sirs - Festival Echo des Mots","isPartOf":{"@id":"https:\/\/festivalechodesmots.fr\/#website"},"primaryImageOfPage":{"@id":"https:\/\/festivalechodesmots.fr\/index.php\/event\/sur-locean-de-mes-desirs\/#primaryimage"},"image":{"@id":"https:\/\/festivalechodesmots.fr\/index.php\/event\/sur-locean-de-mes-desirs\/#primaryimage"},"thumbnailUrl":"https:\/\/festivalechodesmots.fr\/wp-content\/uploads\/2025\/07\/30-Un-ocean-de-mes-desirs-Olivier-Sessa.jpg","datePublished":"2025-06-18T09:56:17+00:00","dateModified":"2026-04-01T09:19:45+00:00","description":"En faisant le point sur sa vie d'Humain et de conteur intimement li\u00e9s, Olivier nous ram\u00e8ne \u00e0 l'essence du festival qu'il a anim\u00e9 avec enthousiasme pendant 17 ans. Ainsi il rappelle que le conte a de beaux jours devant lui : il est au carrefour de toutes les expressions. Il tente d'ouvrir les chemins d'autres possibles. Il fait appel \u00e0 notre part sensible.Conter, c'est croire si fort en ses r\u00eaves qu'un jour ils deviennent r\u00e9alit\u00e9. D\u00e9p\u00eachez-vous, Sessa DER ! Hunvreou da wir !","breadcrumb":{"@id":"https:\/\/festivalechodesmots.fr\/index.php\/event\/sur-locean-de-mes-desirs\/#breadcrumb"},"inLanguage":"fr-FR","potentialAction":[{"@type":"ReadAction","target":["https:\/\/festivalechodesmots.fr\/index.php\/event\/sur-locean-de-mes-desirs\/"]}]},{"@type":"ImageObject","inLanguage":"fr-FR","@id":"https:\/\/festivalechodesmots.fr\/index.php\/event\/sur-locean-de-mes-desirs\/#primaryimage","url":"https:\/\/festivalechodesmots.fr\/wp-content\/uploads\/2025\/07\/30-Un-ocean-de-mes-desirs-Olivier-Sessa.jpg","contentUrl":"https:\/\/festivalechodesmots.fr\/wp-content\/uploads\/2025\/07\/30-Un-ocean-de-mes-desirs-Olivier-Sessa.jpg","width":1536,"height":2048},{"@type":"BreadcrumbList","@id":"https:\/\/festivalechodesmots.fr\/index.php\/event\/sur-locean-de-mes-desirs\/#breadcrumb","itemListElement":[{"@type":"ListItem","position":1,"name":"Accueil","item":"https:\/\/festivalechodesmots.fr\/"},{"@type":"ListItem","position":2,"name":"\u00c9v\u00e8nements","item":"https:\/\/festivalechodesmots.fr\/index.php\/events\/"},{"@type":"ListItem","position":3,"name":"Sur l&rsquo;oc\u00e9an de mes d\u00e9sirs"}]},{"@type":"WebSite","@id":"https:\/\/festivalechodesmots.fr\/#website","url":"https:\/\/festivalechodesmots.fr\/","name":"Festival Echo des Mots","description":"","publisher":{"@id":"https:\/\/festivalechodesmots.fr\/#organization"},"potentialAction":[{"@type":"SearchAction","target":{"@type":"EntryPoint","urlTemplate":"https:\/\/festivalechodesmots.fr\/?s={search_term_string}"},"query-input":{"@type":"PropertyValueSpecification","valueRequired":true,"valueName":"search_term_string"}}],"inLanguage":"fr-FR"},{"@type":"Organization","@id":"https:\/\/festivalechodesmots.fr\/#organization","name":"Festival Echo des Mots","url":"https:\/\/festivalechodesmots.fr\/","logo":{"@type":"ImageObject","inLanguage":"fr-FR","@id":"https:\/\/festivalechodesmots.fr\/#\/schema\/logo\/image\/","url":"https:\/\/festivalechodesmots.fr\/wp-content\/uploads\/2025\/03\/cropped-Logo_Echo_Des_Mots_OK_RVB.png","contentUrl":"https:\/\/festivalechodesmots.fr\/wp-content\/uploads\/2025\/03\/cropped-Logo_Echo_Des_Mots_OK_RVB.png","width":512,"height":512,"caption":"Festival Echo des Mots"},"image":{"@id":"https:\/\/festivalechodesmots.fr\/#\/schema\/logo\/image\/"}}]}},"_links":{"self":[{"href":"https:\/\/festivalechodesmots.fr\/index.php\/wp-json\/wp\/v2\/tribe_events\/849","targetHints":{"allow":["GET"]}}],"collection":[{"href":"https:\/\/festivalechodesmots.fr\/index.php\/wp-json\/wp\/v2\/tribe_events"}],"about":[{"href":"https:\/\/festivalechodesmots.fr\/index.php\/wp-json\/wp\/v2\/types\/tribe_events"}],"author":[{"embeddable":true,"href":"https:\/\/festivalechodesmots.fr\/index.php\/wp-json\/wp\/v2\/users\/1"}],"version-history":[{"count":6,"href":"https:\/\/festivalechodesmots.fr\/index.php\/wp-json\/wp\/v2\/tribe_events\/849\/revisions"}],"predecessor-version":[{"id":1842,"href":"https:\/\/festivalechodesmots.fr\/index.php\/wp-json\/wp\/v2\/tribe_events\/849\/revisions\/1842"}],"wp:featuredmedia":[{"embeddable":true,"href":"https:\/\/festivalechodesmots.fr\/index.php\/wp-json\/wp\/v2\/media\/1464"}],"wp:attachment":[{"href":"https:\/\/festivalechodesmots.fr\/index.php\/wp-json\/wp\/v2\/media?parent=849"}],"wp:term":[{"taxonomy":"post_tag","embeddable":true,"href":"https:\/\/festivalechodesmots.fr\/index.php\/wp-json\/wp\/v2\/tags?post=849"},{"taxonomy":"tribe_events_cat","embeddable":true,"href":"https:\/\/festivalechodesmots.fr\/index.php\/wp-json\/wp\/v2\/tribe_events_cat?post=849"}],"curies":[{"name":"wp","href":"https:\/\/api.w.org\/{rel}","templated":true}]}}