{"id":1670,"date":"2025-07-07T16:12:24","date_gmt":"2025-07-07T14:12:24","guid":{"rendered":"https:\/\/festivalechodesmots.fr\/index.php\/event\/handpan-oser-sa-melodie-2\/"},"modified":"2026-04-01T11:19:41","modified_gmt":"2026-04-01T09:19:41","slug":"handpan-oser-sa-melodie-2","status":"publish","type":"tribe_events","link":"https:\/\/festivalechodesmots.fr\/index.php\/event\/handpan-oser-sa-melodie-2\/","title":{"rendered":"Handpan \u00ab\u00a0Oser sa m\u00e9lodie\u00a0\u00bb"},"content":{"rendered":"\n<figure class=\"wp-block-image size-large\"><img fetchpriority=\"high\" decoding=\"async\" width=\"1024\" height=\"768\" src=\"https:\/\/festivalechodesmots.fr\/wp-content\/uploads\/2025\/06\/9-Handpan-1024x768.jpg\" alt=\"\" class=\"wp-image-1061\" srcset=\"https:\/\/festivalechodesmots.fr\/wp-content\/uploads\/2025\/06\/9-Handpan-1024x768.jpg 1024w, https:\/\/festivalechodesmots.fr\/wp-content\/uploads\/2025\/06\/9-Handpan-300x225.jpg 300w, https:\/\/festivalechodesmots.fr\/wp-content\/uploads\/2025\/06\/9-Handpan-768x576.jpg 768w, https:\/\/festivalechodesmots.fr\/wp-content\/uploads\/2025\/06\/9-Handpan-1536x1152.jpg 1536w, https:\/\/festivalechodesmots.fr\/wp-content\/uploads\/2025\/06\/9-Handpan-2048x1536.jpg 2048w\" sizes=\"(max-width: 1024px) 100vw, 1024px\" \/><\/figure>\n\n\n<div  class=\"tribe-events-schedule tribe-clearfix\" >\n\t<p class=\"tribe-events-schedule__datetime\">\n\t\t<span class=\"tribe-events-schedule__date tribe-events-schedule__date--start\">\n\t\t\t12 ao\u00fbt, 2025\t\t<\/span>\n\n\t\t\t\t\t<span class=\"tribe-events-schedule__separator tribe-events-schedule__separator--date\">\n\t\t\t\t \u00e0 \t\t\t<\/span>\n\t\t\t<span class=\"tribe-events-schedule__time tribe-events-schedule__time--start\">\n\t\t\t\t10h00\t\t\t<\/span>\n\t\t\n\t\t\t\t\t\t\t\t\t<span class=\"tribe-events-schedule__separator tribe-events-schedule__separator--time\">\n\t\t\t\t\tjusqu&#039;\u00e0\t\t\t\t<\/span>\n\t\t\t\n\t\t\t\t\t\t\t<span class=\"tribe-events-schedule__time tribe-events-schedule__time--end\">\n\t\t\t\t\t18h00\t\t\t\t<\/span>\n\t\t\t\n\t\t\t\t\t\t<\/p>\n<\/div>\n\n\n\n<p>Laurent Sastre<\/p>\n\n\n\n<p>D\u00e8s 6 ans &#8211; Inscription sur place par demi-journ\u00e9e.<\/p>\n\n\n\n<p>Venez vous initier \u00e0 cet instrument de musique \u00e0 percussion m\u00e9lodique, r\u00e9alis\u00e9 en acier et d\u00e9couvrez ses sons magiques. \u00ab&nbsp;Oser sa m\u00e9lodie&nbsp;\u00bb, c&rsquo;est partir d&rsquo;un rythme pour se connecter aux sons du Handpan, pour laisser na\u00eetre le mouvement r\u00e9gulier des doigts, des mains et jouer avec les notes. C\u2019est ainsi prendre sa place dans la m\u00e9lodie qui s&rsquo;installe. Atelier musical ouvert aux enfants et aux adultes.<\/p>\n\n\n<div  class=\"tribe-block tribe-block__event-price\" >\n\t\t\t<span class=\"tribe-block__event-price__cost\"> Free <\/span>\n\t\t<\/div>\n\n\n<div  class=\"tribe-block tribe-block__organizer__details tribe-clearfix\" >\n\t<div class=\"tribe-block__organizer__title\">\n\t\t<h3>Festival Echo Des Mots<\/h3>\n\t<\/div>\n\t\t\t<\/div>\n\n\n<div  class=\"tribe-block tribe-block__venue tribe-clearfix tribe-block__venue--has-map\" >\n\t\n\t\n<div class=\"tribe-block__venue__meta\">\n\t<div class=\"tribe-block__venue__name\">\n\t\t<h3>Espace Atelier<\/h3>\n\t<\/div>\n\n\t\n\t\t\t\t\t\t<address class=\"tribe-block__venue__address\">\n\t\t\t\t<span class=\"tribe-address\">\n\n<span class=\"tribe-street-address\">Base de loisirs du Ch\u00e2telard<\/span>\n\t\n\t\t<br>\n\t\t<span class=\"tribe-locality\">Saint-Jean-Saint-Nicolas<\/span><span class=\"tribe-delimiter\">,<\/span>\n\n\t<abbr class=\"tribe-region tribe-events-abbr\" title=\"HAUTES-ALPES\">HAUTES-ALPES<\/abbr>\n\n\t<span class=\"tribe-postal-code\">05260<\/span>\n\n\t<span class=\"tribe-country-name\">France<\/span>\n\n<\/span>\n\n\t\t\t\t\t\t\t\t\t<a class=\"tribe-events-gmap\" href=\"https:\/\/maps.google.com\/maps?f=q&#038;source=s_q&#038;hl=en&#038;geocode=&#038;q=Base+de+loisirs+du+Ch%C3%A2telard+Saint-Jean-Saint-Nicolas+HAUTES-ALPES+05260+France\" title=\"Cliquez pour voir une carte Google Map\" target=\"_blank\" rel=\"noreferrer noopener\">+ Google Map<\/a>\t\t\t\t\t\t\t<\/address>\n\t\t\n\t\t\n\t\t\t\n\t<\/div>\n\t\n<div class=\"tribe-block__venue__map\">\n\t\n<iframe\n  title=\"L\u2018iframe Google maps affichant l\u2019adresse \u00e0 Espace Atelier\"\n  aria-label=\"Plan des lieux\"\n  width=\"310px\"\n  height=\"256px\"\n  frameborder=\"0\" style=\"border:0\"\n  src=\"https:\/\/www.google.com\/maps\/embed\/v1\/place?key=AIzaSyDNsicAsP6-VuGtAb1O9riI3oc_NOb7IOU&#038;q=Base+de+loisirs+du+Ch%C3%A2telard+Saint-Jean-Saint-Nicolas+HAUTES-ALPES+05260+France+&#038;zoom=15\" allowfullscreen>\n<\/iframe>\n<\/div>\n\n\t<\/div>\n\n\n\n\n\t<div  class=\"tribe-block tribe-block__events-link\" >\n\t\t<div class=\"tribe-events tribe-common\">\n\t\t\t<div class=\"tribe-events-c-subscribe-dropdown__container\">\n\t\t\t\t<div class=\"tribe-events-c-subscribe-dropdown\">\n\t\t\t\t\t<div class=\"tribe-common-c-btn-border tribe-events-c-subscribe-dropdown__button\">\n\t\t\t\t\t\t<svg\n\t class=\"tribe-common-c-svgicon tribe-common-c-svgicon--cal-export tribe-events-c-subscribe-dropdown__export-icon\" \taria-hidden=\"true\"\n\tviewBox=\"0 0 23 17\"\n\txmlns=\"http:\/\/www.w3.org\/2000\/svg\"\n>\n\t<path fill-rule=\"evenodd\" clip-rule=\"evenodd\" d=\"M.128.896V16.13c0 .211.145.383.323.383h15.354c.179 0 .323-.172.323-.383V.896c0-.212-.144-.383-.323-.383H.451C.273.513.128.684.128.896Zm16 6.742h-.901V4.679H1.009v10.729h14.218v-3.336h.901V7.638ZM1.01 1.614h14.218v2.058H1.009V1.614Z\" \/>\n\t<path d=\"M20.5 9.846H8.312M18.524 6.953l2.89 2.909-2.855 2.855\" stroke-width=\"1.2\" stroke-linecap=\"round\" stroke-linejoin=\"round\"\/>\n<\/svg>\n\t\t\t\t\t\t<button\n\t\t\t\t\t\t\tclass=\"tribe-events-c-subscribe-dropdown__button-text\"\n\t\t\t\t\t\t\taria-expanded=\"false\"\n\t\t\t\t\t\t\taria-controls=\"tribe-events-subscribe-dropdown-content\"\n\t\t\t\t\t\t\taria-label=\"Afficher les liens permettant d\u2019ajouter des \u00e9v\u00e8nements \u00e0 votre calendrier\"\n\t\t\t\t\t\t>\n\t\t\t\t\t\t\tAjouter au calendrier\t\t\t\t\t\t<\/button>\n\t\t\t\t\t\t<svg\n\t class=\"tribe-common-c-svgicon tribe-common-c-svgicon--caret-down tribe-events-c-subscribe-dropdown__button-icon\" \taria-hidden=\"true\"\n\tviewBox=\"0 0 10 7\"\n\txmlns=\"http:\/\/www.w3.org\/2000\/svg\"\n>\n\t<path fill-rule=\"evenodd\" clip-rule=\"evenodd\" d=\"M1.008.609L5 4.6 8.992.61l.958.958L5 6.517.05 1.566l.958-.958z\" class=\"tribe-common-c-svgicon__svg-fill\"\/>\n<\/svg>\n\t\t\t\t\t<\/div>\n\t\t\t\t\t<div id=\"tribe-events-subscribe-dropdown-content\" class=\"tribe-events-c-subscribe-dropdown__content\">\n\t\t\t\t\t\t<ul class=\"tribe-events-c-subscribe-dropdown__list\">\n\t\t\t\t\t\t\t\t\t\t\t\t\t\t\t<li class=\"tribe-events-c-subscribe-dropdown__list-item tribe-events-c-subscribe-dropdown__list-item--gcal\">\n\t\t\t\t\t\t\t\t\t<a\n\t\t\t\t\t\t\t\t\t\thref=\"https:\/\/www.google.com\/calendar\/event?action=TEMPLATE&#038;dates=20250812T100000\/20250812T180000&#038;text=Handpan%20%C2%AB%C2%A0Oser%20sa%20m%C3%A9lodie%C2%A0%C2%BB&#038;details=%3Cfigure+class%3D%22wp-block-image+size-large%22%3E%3Cimg+src%3D%22https%3A%2F%2Ffestivalechodesmots.fr%2Fwp-content%2Fuploads%2F2025%2F06%2F9-Handpan-1024x768.jpg%22+alt%3D%22%22+class%3D%22wp-image-1061%22%2F%3E%3C%2Ffigure%3E%3Cp%3ELaurent+Sastre%3C%2Fp%3E+%3Cp%3ED%C3%A8s+6+ans+-+Inscription+sur+place+par+demi-journ%C3%A9e.%3C%2Fp%3E+%3Cp%3EVenez+vous+initier+%C3%A0+cet+instrument+de+musique+%C3%A0+percussion+m%C3%A9lodique%2C+r%C3%A9alis%C3%A9+en+acier+et+d%C3%A9couvrez+ses+sons+magiques.+%C2%AB%26nbsp%3BOser+sa+m%C3%A9lodie%26nbsp%3B%C2%BB%2C+c%27est+partir+d%27un+rythme+pour+se+connecter+aux+sons+du+Handpan%2C+pour+laisser+na%C3%AEtre+le+mouvement+r%C3%A9gulier+des+doigts%2C+des+mains+et+jouer+avec+les+notes.+C%E2%80%99est+ainsi+prendre+sa+place+dans+la+m%C3%A9lodie+qui+s%27installe.+Atelier+musical+ouvert+aux+enfants+et+aux+adultes.%3C%2Fp%3E+&#038;location=Espace%20Atelier,%20Base%20de%20loisirs%20du%20Ch\u00e2telard,%20Saint-Jean-Saint-Nicolas,%20HAUTES-ALPES,%2005260,%20France&#038;trp=false&#038;ctz=Europe\/Paris&#038;sprop=website:https:\/\/festivalechodesmots.fr\"\n\t\t\t\t\t\t\t\t\t\tclass=\"tribe-events-c-subscribe-dropdown__list-item-link\"\n\t\t\t\t\t\t\t\t\t\ttarget=\"_blank\"\n\t\t\t\t\t\t\t\t\t\trel=\"noopener noreferrer nofollow noindex\"\n\t\t\t\t\t\t\t\t\t>\n\t\t\t\t\t\t\t\t\t\tGoogle Agenda\t\t\t\t\t\t\t\t\t<\/a>\n\t\t\t\t\t\t\t\t<\/li>\n\t\t\t\t\t\t\t\t\t\t\t\t\t\t\t<li class=\"tribe-events-c-subscribe-dropdown__list-item tribe-events-c-subscribe-dropdown__list-item--ical\">\n\t\t\t\t\t\t\t\t\t<a\n\t\t\t\t\t\t\t\t\t\thref=\"\"\n\t\t\t\t\t\t\t\t\t\tclass=\"tribe-events-c-subscribe-dropdown__list-item-link\"\n\t\t\t\t\t\t\t\t\t\ttarget=\"_blank\"\n\t\t\t\t\t\t\t\t\t\trel=\"noopener noreferrer nofollow noindex\"\n\t\t\t\t\t\t\t\t\t>\n\t\t\t\t\t\t\t\t\t\tiCalendar\t\t\t\t\t\t\t\t\t<\/a>\n\t\t\t\t\t\t\t\t<\/li>\n\t\t\t\t\t\t\t\t\t\t\t\t\t\t\t<li class=\"tribe-events-c-subscribe-dropdown__list-item tribe-events-c-subscribe-dropdown__list-item--outlook-365\">\n\t\t\t\t\t\t\t\t\t<a\n\t\t\t\t\t\t\t\t\t\thref=\"\"\n\t\t\t\t\t\t\t\t\t\tclass=\"tribe-events-c-subscribe-dropdown__list-item-link\"\n\t\t\t\t\t\t\t\t\t\ttarget=\"_blank\"\n\t\t\t\t\t\t\t\t\t\trel=\"noopener noreferrer nofollow noindex\"\n\t\t\t\t\t\t\t\t\t>\n\t\t\t\t\t\t\t\t\t\tOutlook 365\t\t\t\t\t\t\t\t\t<\/a>\n\t\t\t\t\t\t\t\t<\/li>\n\t\t\t\t\t\t\t\t\t\t\t\t\t\t\t<li class=\"tribe-events-c-subscribe-dropdown__list-item tribe-events-c-subscribe-dropdown__list-item--outlook-live\">\n\t\t\t\t\t\t\t\t\t<a\n\t\t\t\t\t\t\t\t\t\thref=\"\"\n\t\t\t\t\t\t\t\t\t\tclass=\"tribe-events-c-subscribe-dropdown__list-item-link\"\n\t\t\t\t\t\t\t\t\t\ttarget=\"_blank\"\n\t\t\t\t\t\t\t\t\t\trel=\"noopener noreferrer nofollow noindex\"\n\t\t\t\t\t\t\t\t\t>\n\t\t\t\t\t\t\t\t\t\tOutlook Live\t\t\t\t\t\t\t\t\t<\/a>\n\t\t\t\t\t\t\t\t<\/li>\n\t\t\t\t\t\t\t\t\t\t\t\t\t<\/ul>\n\t\t\t\t\t<\/div>\n\t\t\t\t<\/div>\n\t\t\t<\/div>\n\t\t<\/div>\n\t<\/div>\n\n","protected":false},"excerpt":{"rendered":"<p>Venez vous initier \u00e0 cet instrument de musique \u00e0 percussion m\u00e9lodique, r\u00e9alis\u00e9 en acier et d\u00e9couvrez ses sons magiques. \u00ab\u00a0Oser sa m\u00e9lodie\u00a0\u00bb, c&rsquo;est partir d&rsquo;un rythme pour se connecter aux sons du Handpan, pour laisser na\u00eetre le mouvement r\u00e9gulier des doigts, des mains et jouer avec les notes. C\u2019est ainsi prendre sa place dans la m\u00e9lodie qui s&rsquo;installe. Atelier musical ouvert aux enfants et aux adultes.<\/p>\n","protected":false},"author":1,"featured_media":1061,"template":"","meta":{"_EventAllDay":false,"_EventTimezone":"Europe\/Paris","_EventStartDate":"2025-08-12 10:00:00","_EventEndDate":"2025-08-12 18:00:00","_EventStartDateUTC":"2025-08-12 08:00:00","_EventEndDateUTC":"2025-08-12 16:00:00","_EventShowMap":false,"_EventShowMapLink":false,"_EventURL":"","_EventCost":"Free","_EventCostDescription":"","_EventCurrencySymbol":"\u20ac","_EventCurrencyCode":"EUR","_EventCurrencyPosition":"suffix","_EventDateTimeSeparator":" \u00e0 ","_EventTimeRangeSeparator":"jusqu'\u00e0","_EventOrganizerID":[73],"_EventVenueID":[1250],"_OrganizerEmail":"","_OrganizerPhone":"","_OrganizerWebsite":"","_VenueAddress":"","_VenueCity":"","_VenueCountry":"","_VenueProvince":"","_VenueState":"","_VenueZip":"","_VenuePhone":"","_VenueURL":"","_VenueStateProvince":"","_VenueLat":"","_VenueLng":"","_VenueShowMap":false,"_VenueShowMapLink":false,"_themeisle_gutenberg_block_has_review":false,"_kad_post_transparent":"","_kad_post_title":"","_kad_post_layout":"","_kad_post_sidebar_id":"","_kad_post_content_style":"","_kad_post_vertical_padding":"","_kad_post_feature":"","_kad_post_feature_position":"","_kad_post_header":false,"_kad_post_footer":false,"_kad_post_classname":"","_tribe_events_status":"","_tribe_events_status_reason":"","footnotes":""},"tags":[29,30,31,44,42],"tribe_events_cat":[9],"class_list":["post-1670","tribe_events","type-tribe_events","status-publish","has-post-thumbnail","hentry","tag-12-aout","tag-13-aout","tag-14-aout","tag-atelier","tag-gratuit","tribe_events_cat-ateliers","cat_ateliers"],"yoast_head":"<!-- This site is optimized with the Yoast SEO plugin v27.4 - https:\/\/yoast.com\/product\/yoast-seo-wordpress\/ -->\n<title>Handpan \u00ab\u00a0Oser sa m\u00e9lodie\u00a0\u00bb - Festival Echo des Mots<\/title>\n<meta name=\"robots\" content=\"index, follow, max-snippet:-1, max-image-preview:large, max-video-preview:-1\" \/>\n<link rel=\"canonical\" href=\"https:\/\/festivalechodesmots.fr\/index.php\/event\/handpan-oser-sa-melodie-2\/\" \/>\n<meta property=\"og:locale\" content=\"fr_FR\" \/>\n<meta property=\"og:type\" content=\"article\" \/>\n<meta property=\"og:title\" content=\"Handpan \u00ab\u00a0Oser sa m\u00e9lodie\u00a0\u00bb - Festival Echo des Mots\" \/>\n<meta property=\"og:description\" content=\"Venez vous initier \u00e0 cet instrument de musique \u00e0 percussion m\u00e9lodique, r\u00e9alis\u00e9 en acier et d\u00e9couvrez ses sons magiques. \u00ab\u00a0Oser sa m\u00e9lodie\u00a0\u00bb, c&#039;est partir d&#039;un rythme pour se connecter aux sons du Handpan, pour laisser na\u00eetre le mouvement r\u00e9gulier des doigts, des mains et jouer avec les notes. C\u2019est ainsi prendre sa place dans la m\u00e9lodie qui s&#039;installe. Atelier musical ouvert aux enfants et aux adultes.\" \/>\n<meta property=\"og:url\" content=\"https:\/\/festivalechodesmots.fr\/index.php\/event\/handpan-oser-sa-melodie-2\/\" \/>\n<meta property=\"og:site_name\" content=\"Festival Echo des Mots\" \/>\n<meta property=\"article:modified_time\" content=\"2026-04-01T09:19:41+00:00\" \/>\n<meta property=\"og:image\" content=\"https:\/\/festivalechodesmots.fr\/wp-content\/uploads\/2025\/06\/9-Handpan-scaled.jpg\" \/>\n\t<meta property=\"og:image:width\" content=\"2560\" \/>\n\t<meta property=\"og:image:height\" content=\"1920\" \/>\n\t<meta property=\"og:image:type\" content=\"image\/jpeg\" \/>\n<meta name=\"twitter:card\" content=\"summary_large_image\" \/>\n<meta name=\"twitter:label1\" content=\"Dur\u00e9e de lecture estim\u00e9e\" \/>\n\t<meta name=\"twitter:data1\" content=\"1 minute\" \/>\n<script type=\"application\/ld+json\" class=\"yoast-schema-graph\">{\"@context\":\"https:\\\/\\\/schema.org\",\"@graph\":[{\"@type\":\"WebPage\",\"@id\":\"https:\\\/\\\/festivalechodesmots.fr\\\/index.php\\\/event\\\/handpan-oser-sa-melodie-2\\\/\",\"url\":\"https:\\\/\\\/festivalechodesmots.fr\\\/index.php\\\/event\\\/handpan-oser-sa-melodie-2\\\/\",\"name\":\"Handpan \u00ab\u00a0Oser sa m\u00e9lodie\u00a0\u00bb - Festival Echo des Mots\",\"isPartOf\":{\"@id\":\"https:\\\/\\\/festivalechodesmots.fr\\\/#website\"},\"primaryImageOfPage\":{\"@id\":\"https:\\\/\\\/festivalechodesmots.fr\\\/index.php\\\/event\\\/handpan-oser-sa-melodie-2\\\/#primaryimage\"},\"image\":{\"@id\":\"https:\\\/\\\/festivalechodesmots.fr\\\/index.php\\\/event\\\/handpan-oser-sa-melodie-2\\\/#primaryimage\"},\"thumbnailUrl\":\"https:\\\/\\\/festivalechodesmots.fr\\\/wp-content\\\/uploads\\\/2025\\\/06\\\/9-Handpan-scaled.jpg\",\"datePublished\":\"2025-07-07T14:12:24+00:00\",\"dateModified\":\"2026-04-01T09:19:41+00:00\",\"breadcrumb\":{\"@id\":\"https:\\\/\\\/festivalechodesmots.fr\\\/index.php\\\/event\\\/handpan-oser-sa-melodie-2\\\/#breadcrumb\"},\"inLanguage\":\"fr-FR\",\"potentialAction\":[{\"@type\":\"ReadAction\",\"target\":[\"https:\\\/\\\/festivalechodesmots.fr\\\/index.php\\\/event\\\/handpan-oser-sa-melodie-2\\\/\"]}]},{\"@type\":\"ImageObject\",\"inLanguage\":\"fr-FR\",\"@id\":\"https:\\\/\\\/festivalechodesmots.fr\\\/index.php\\\/event\\\/handpan-oser-sa-melodie-2\\\/#primaryimage\",\"url\":\"https:\\\/\\\/festivalechodesmots.fr\\\/wp-content\\\/uploads\\\/2025\\\/06\\\/9-Handpan-scaled.jpg\",\"contentUrl\":\"https:\\\/\\\/festivalechodesmots.fr\\\/wp-content\\\/uploads\\\/2025\\\/06\\\/9-Handpan-scaled.jpg\",\"width\":2560,\"height\":1920},{\"@type\":\"BreadcrumbList\",\"@id\":\"https:\\\/\\\/festivalechodesmots.fr\\\/index.php\\\/event\\\/handpan-oser-sa-melodie-2\\\/#breadcrumb\",\"itemListElement\":[{\"@type\":\"ListItem\",\"position\":1,\"name\":\"Accueil\",\"item\":\"https:\\\/\\\/festivalechodesmots.fr\\\/\"},{\"@type\":\"ListItem\",\"position\":2,\"name\":\"\u00c9v\u00e8nements\",\"item\":\"https:\\\/\\\/festivalechodesmots.fr\\\/index.php\\\/events\\\/\"},{\"@type\":\"ListItem\",\"position\":3,\"name\":\"Handpan \u00ab\u00a0Oser sa m\u00e9lodie\u00a0\u00bb\"}]},{\"@type\":\"WebSite\",\"@id\":\"https:\\\/\\\/festivalechodesmots.fr\\\/#website\",\"url\":\"https:\\\/\\\/festivalechodesmots.fr\\\/\",\"name\":\"Festival Echo des Mots\",\"description\":\"\",\"publisher\":{\"@id\":\"https:\\\/\\\/festivalechodesmots.fr\\\/#organization\"},\"potentialAction\":[{\"@type\":\"SearchAction\",\"target\":{\"@type\":\"EntryPoint\",\"urlTemplate\":\"https:\\\/\\\/festivalechodesmots.fr\\\/?s={search_term_string}\"},\"query-input\":{\"@type\":\"PropertyValueSpecification\",\"valueRequired\":true,\"valueName\":\"search_term_string\"}}],\"inLanguage\":\"fr-FR\"},{\"@type\":\"Organization\",\"@id\":\"https:\\\/\\\/festivalechodesmots.fr\\\/#organization\",\"name\":\"Festival Echo des Mots\",\"url\":\"https:\\\/\\\/festivalechodesmots.fr\\\/\",\"logo\":{\"@type\":\"ImageObject\",\"inLanguage\":\"fr-FR\",\"@id\":\"https:\\\/\\\/festivalechodesmots.fr\\\/#\\\/schema\\\/logo\\\/image\\\/\",\"url\":\"https:\\\/\\\/festivalechodesmots.fr\\\/wp-content\\\/uploads\\\/2025\\\/03\\\/cropped-Logo_Echo_Des_Mots_OK_RVB.png\",\"contentUrl\":\"https:\\\/\\\/festivalechodesmots.fr\\\/wp-content\\\/uploads\\\/2025\\\/03\\\/cropped-Logo_Echo_Des_Mots_OK_RVB.png\",\"width\":512,\"height\":512,\"caption\":\"Festival Echo des Mots\"},\"image\":{\"@id\":\"https:\\\/\\\/festivalechodesmots.fr\\\/#\\\/schema\\\/logo\\\/image\\\/\"}}]}<\/script>\n<!-- \/ Yoast SEO plugin. -->","yoast_head_json":{"title":"Handpan \u00ab\u00a0Oser sa m\u00e9lodie\u00a0\u00bb - Festival Echo des Mots","robots":{"index":"index","follow":"follow","max-snippet":"max-snippet:-1","max-image-preview":"max-image-preview:large","max-video-preview":"max-video-preview:-1"},"canonical":"https:\/\/festivalechodesmots.fr\/index.php\/event\/handpan-oser-sa-melodie-2\/","og_locale":"fr_FR","og_type":"article","og_title":"Handpan \u00ab\u00a0Oser sa m\u00e9lodie\u00a0\u00bb - Festival Echo des Mots","og_description":"Venez vous initier \u00e0 cet instrument de musique \u00e0 percussion m\u00e9lodique, r\u00e9alis\u00e9 en acier et d\u00e9couvrez ses sons magiques. \u00ab\u00a0Oser sa m\u00e9lodie\u00a0\u00bb, c'est partir d'un rythme pour se connecter aux sons du Handpan, pour laisser na\u00eetre le mouvement r\u00e9gulier des doigts, des mains et jouer avec les notes. C\u2019est ainsi prendre sa place dans la m\u00e9lodie qui s'installe. Atelier musical ouvert aux enfants et aux adultes.","og_url":"https:\/\/festivalechodesmots.fr\/index.php\/event\/handpan-oser-sa-melodie-2\/","og_site_name":"Festival Echo des Mots","article_modified_time":"2026-04-01T09:19:41+00:00","og_image":[{"width":2560,"height":1920,"url":"https:\/\/festivalechodesmots.fr\/wp-content\/uploads\/2025\/06\/9-Handpan-scaled.jpg","type":"image\/jpeg"}],"twitter_card":"summary_large_image","twitter_misc":{"Dur\u00e9e de lecture estim\u00e9e":"1 minute"},"schema":{"@context":"https:\/\/schema.org","@graph":[{"@type":"WebPage","@id":"https:\/\/festivalechodesmots.fr\/index.php\/event\/handpan-oser-sa-melodie-2\/","url":"https:\/\/festivalechodesmots.fr\/index.php\/event\/handpan-oser-sa-melodie-2\/","name":"Handpan \u00ab\u00a0Oser sa m\u00e9lodie\u00a0\u00bb - Festival Echo des Mots","isPartOf":{"@id":"https:\/\/festivalechodesmots.fr\/#website"},"primaryImageOfPage":{"@id":"https:\/\/festivalechodesmots.fr\/index.php\/event\/handpan-oser-sa-melodie-2\/#primaryimage"},"image":{"@id":"https:\/\/festivalechodesmots.fr\/index.php\/event\/handpan-oser-sa-melodie-2\/#primaryimage"},"thumbnailUrl":"https:\/\/festivalechodesmots.fr\/wp-content\/uploads\/2025\/06\/9-Handpan-scaled.jpg","datePublished":"2025-07-07T14:12:24+00:00","dateModified":"2026-04-01T09:19:41+00:00","breadcrumb":{"@id":"https:\/\/festivalechodesmots.fr\/index.php\/event\/handpan-oser-sa-melodie-2\/#breadcrumb"},"inLanguage":"fr-FR","potentialAction":[{"@type":"ReadAction","target":["https:\/\/festivalechodesmots.fr\/index.php\/event\/handpan-oser-sa-melodie-2\/"]}]},{"@type":"ImageObject","inLanguage":"fr-FR","@id":"https:\/\/festivalechodesmots.fr\/index.php\/event\/handpan-oser-sa-melodie-2\/#primaryimage","url":"https:\/\/festivalechodesmots.fr\/wp-content\/uploads\/2025\/06\/9-Handpan-scaled.jpg","contentUrl":"https:\/\/festivalechodesmots.fr\/wp-content\/uploads\/2025\/06\/9-Handpan-scaled.jpg","width":2560,"height":1920},{"@type":"BreadcrumbList","@id":"https:\/\/festivalechodesmots.fr\/index.php\/event\/handpan-oser-sa-melodie-2\/#breadcrumb","itemListElement":[{"@type":"ListItem","position":1,"name":"Accueil","item":"https:\/\/festivalechodesmots.fr\/"},{"@type":"ListItem","position":2,"name":"\u00c9v\u00e8nements","item":"https:\/\/festivalechodesmots.fr\/index.php\/events\/"},{"@type":"ListItem","position":3,"name":"Handpan \u00ab\u00a0Oser sa m\u00e9lodie\u00a0\u00bb"}]},{"@type":"WebSite","@id":"https:\/\/festivalechodesmots.fr\/#website","url":"https:\/\/festivalechodesmots.fr\/","name":"Festival Echo des Mots","description":"","publisher":{"@id":"https:\/\/festivalechodesmots.fr\/#organization"},"potentialAction":[{"@type":"SearchAction","target":{"@type":"EntryPoint","urlTemplate":"https:\/\/festivalechodesmots.fr\/?s={search_term_string}"},"query-input":{"@type":"PropertyValueSpecification","valueRequired":true,"valueName":"search_term_string"}}],"inLanguage":"fr-FR"},{"@type":"Organization","@id":"https:\/\/festivalechodesmots.fr\/#organization","name":"Festival Echo des Mots","url":"https:\/\/festivalechodesmots.fr\/","logo":{"@type":"ImageObject","inLanguage":"fr-FR","@id":"https:\/\/festivalechodesmots.fr\/#\/schema\/logo\/image\/","url":"https:\/\/festivalechodesmots.fr\/wp-content\/uploads\/2025\/03\/cropped-Logo_Echo_Des_Mots_OK_RVB.png","contentUrl":"https:\/\/festivalechodesmots.fr\/wp-content\/uploads\/2025\/03\/cropped-Logo_Echo_Des_Mots_OK_RVB.png","width":512,"height":512,"caption":"Festival Echo des Mots"},"image":{"@id":"https:\/\/festivalechodesmots.fr\/#\/schema\/logo\/image\/"}}]}},"_links":{"self":[{"href":"https:\/\/festivalechodesmots.fr\/index.php\/wp-json\/wp\/v2\/tribe_events\/1670","targetHints":{"allow":["GET"]}}],"collection":[{"href":"https:\/\/festivalechodesmots.fr\/index.php\/wp-json\/wp\/v2\/tribe_events"}],"about":[{"href":"https:\/\/festivalechodesmots.fr\/index.php\/wp-json\/wp\/v2\/types\/tribe_events"}],"author":[{"embeddable":true,"href":"https:\/\/festivalechodesmots.fr\/index.php\/wp-json\/wp\/v2\/users\/1"}],"version-history":[{"count":1,"href":"https:\/\/festivalechodesmots.fr\/index.php\/wp-json\/wp\/v2\/tribe_events\/1670\/revisions"}],"predecessor-version":[{"id":1700,"href":"https:\/\/festivalechodesmots.fr\/index.php\/wp-json\/wp\/v2\/tribe_events\/1670\/revisions\/1700"}],"wp:featuredmedia":[{"embeddable":true,"href":"https:\/\/festivalechodesmots.fr\/index.php\/wp-json\/wp\/v2\/media\/1061"}],"wp:attachment":[{"href":"https:\/\/festivalechodesmots.fr\/index.php\/wp-json\/wp\/v2\/media?parent=1670"}],"wp:term":[{"taxonomy":"post_tag","embeddable":true,"href":"https:\/\/festivalechodesmots.fr\/index.php\/wp-json\/wp\/v2\/tags?post=1670"},{"taxonomy":"tribe_events_cat","embeddable":true,"href":"https:\/\/festivalechodesmots.fr\/index.php\/wp-json\/wp\/v2\/tribe_events_cat?post=1670"}],"curies":[{"name":"wp","href":"https:\/\/api.w.org\/{rel}","templated":true}]}}