{"id":1260,"date":"2025-06-27T10:39:44","date_gmt":"2025-06-27T08:39:44","guid":{"rendered":"https:\/\/festivalechodesmots.fr\/?post_type=tribe_events&#038;p=1260"},"modified":"2026-04-01T11:19:43","modified_gmt":"2026-04-01T09:19:43","slug":"le-chouette-atelier-dimpression","status":"publish","type":"tribe_events","link":"https:\/\/festivalechodesmots.fr\/index.php\/event\/le-chouette-atelier-dimpression\/","title":{"rendered":"Le Chouette atelier d&rsquo;impression"},"content":{"rendered":"<h3>MARIE-CLEMENTINE MAR\u00c8S<\/h3>\n<p>De 10h \u00e0 12h et de 14h \u00e0 18h<\/p>\n<p>D\u00e8s 6 ans<\/p>\n<p>Cr\u00e9ez votre chouette grav\u00e9e sur une boite cartonn\u00e9e recycl\u00e9e \u00e0 partir d\u2019empreintes de v\u00e9g\u00e9taux, d\u2019impressions vari\u00e9es avec les \u00e9l\u00e9ments glan\u00e9s dans la nature et voil\u00e0 votre chouette op\u00e9rationnelle pour un passage sous presse&#8230; Pour ses 20 ans d&rsquo;existence, notre grande mascotte du Festival prendra alors vie dans son milieu naturel !<\/p>\n","protected":false},"excerpt":{"rendered":"<p>MARIE-CLEMENTINE MAR\u00c8S De 10h \u00e0 12h et de 14h \u00e0 18h D\u00e8s 6 ans Cr\u00e9ez votre chouette grav\u00e9e sur une boite cartonn\u00e9e recycl\u00e9e \u00e0 partir d\u2019empreintes de v\u00e9g\u00e9taux, d\u2019impressions vari\u00e9es&#8230;<\/p>\n","protected":false},"author":1,"featured_media":1056,"template":"","meta":{"_EventAllDay":true,"_EventTimezone":"Europe\/Paris","_EventStartDate":"2025-08-12 00:00:00","_EventEndDate":"2025-08-14 23:59:59","_EventStartDateUTC":"2025-08-11 22:00:00","_EventEndDateUTC":"2025-08-14 21:59:59","_EventShowMap":false,"_EventShowMapLink":true,"_EventURL":"","_EventCost":"0","_EventCostDescription":"","_EventCurrencySymbol":"\u20ac","_EventCurrencyCode":"EUR","_EventCurrencyPosition":"suffix","_EventDateTimeSeparator":"","_EventTimeRangeSeparator":"","_EventOrganizerID":[73],"_EventVenueID":[1250],"_OrganizerEmail":"","_OrganizerPhone":"","_OrganizerWebsite":"","_VenueAddress":"","_VenueCity":"","_VenueCountry":"","_VenueProvince":"","_VenueState":"","_VenueZip":"","_VenuePhone":"","_VenueURL":"","_VenueStateProvince":"","_VenueLat":"","_VenueLng":"","_VenueShowMap":false,"_VenueShowMapLink":false,"_themeisle_gutenberg_block_has_review":false,"_kad_post_transparent":"","_kad_post_title":"","_kad_post_layout":"","_kad_post_sidebar_id":"","_kad_post_content_style":"","_kad_post_vertical_padding":"","_kad_post_feature":"","_kad_post_feature_position":"","_kad_post_header":false,"_kad_post_footer":false,"_kad_post_classname":"","_tribe_events_status":"","_tribe_events_status_reason":"","footnotes":""},"tags":[29,30,31,44,42],"tribe_events_cat":[9],"class_list":["post-1260","tribe_events","type-tribe_events","status-publish","has-post-thumbnail","hentry","tag-12-aout","tag-13-aout","tag-14-aout","tag-atelier","tag-gratuit","tribe_events_cat-ateliers","cat_ateliers"],"yoast_head":"<!-- This site is optimized with the Yoast SEO plugin v27.4 - https:\/\/yoast.com\/product\/yoast-seo-wordpress\/ -->\n<title>Le Chouette atelier d&#039;impression - Festival Echo des Mots<\/title>\n<meta name=\"description\" content=\"Cr\u00e9ez votre chouette grav\u00e9e sur une boite cartonn\u00e9e recycl\u00e9e \u00e0 partir d\u2019empreintes de v\u00e9g\u00e9taux, d\u2019impressions vari\u00e9es avec les \u00e9l\u00e9ments glan\u00e9s dans la nature et voil\u00e0 votre chouette op\u00e9rationnelle pour un passage sous presse... Pour ses 20 ans d&#039;existence, notre grande mascotte du Festival prendra alors vie dans son milieu naturel !\" \/>\n<meta name=\"robots\" content=\"index, follow, max-snippet:-1, max-image-preview:large, max-video-preview:-1\" \/>\n<link rel=\"canonical\" href=\"https:\/\/festivalechodesmots.fr\/index.php\/event\/le-chouette-atelier-dimpression\/\" \/>\n<meta property=\"og:locale\" content=\"fr_FR\" \/>\n<meta property=\"og:type\" content=\"article\" \/>\n<meta property=\"og:title\" content=\"Le Chouette atelier d&#039;impression - Festival Echo des Mots\" \/>\n<meta property=\"og:description\" content=\"Cr\u00e9ez votre chouette grav\u00e9e sur une boite cartonn\u00e9e recycl\u00e9e \u00e0 partir d\u2019empreintes de v\u00e9g\u00e9taux, d\u2019impressions vari\u00e9es avec les \u00e9l\u00e9ments glan\u00e9s dans la nature et voil\u00e0 votre chouette op\u00e9rationnelle pour un passage sous presse... Pour ses 20 ans d&#039;existence, notre grande mascotte du Festival prendra alors vie dans son milieu naturel !\" \/>\n<meta property=\"og:url\" content=\"https:\/\/festivalechodesmots.fr\/index.php\/event\/le-chouette-atelier-dimpression\/\" \/>\n<meta property=\"og:site_name\" content=\"Festival Echo des Mots\" \/>\n<meta property=\"article:modified_time\" content=\"2026-04-01T09:19:43+00:00\" \/>\n<meta property=\"og:image\" content=\"https:\/\/festivalechodesmots.fr\/wp-content\/uploads\/2025\/06\/4-Le-chouette-atelier-dimpression-gravure_tetrapak2.jpg\" \/>\n\t<meta property=\"og:image:width\" content=\"912\" \/>\n\t<meta property=\"og:image:height\" content=\"1280\" \/>\n\t<meta property=\"og:image:type\" content=\"image\/jpeg\" \/>\n<meta name=\"twitter:card\" content=\"summary_large_image\" \/>\n<meta name=\"twitter:label1\" content=\"Dur\u00e9e de lecture estim\u00e9e\" \/>\n\t<meta name=\"twitter:data1\" content=\"1 minute\" \/>\n<script type=\"application\/ld+json\" class=\"yoast-schema-graph\">{\"@context\":\"https:\\\/\\\/schema.org\",\"@graph\":[{\"@type\":\"WebPage\",\"@id\":\"https:\\\/\\\/festivalechodesmots.fr\\\/index.php\\\/event\\\/le-chouette-atelier-dimpression\\\/\",\"url\":\"https:\\\/\\\/festivalechodesmots.fr\\\/index.php\\\/event\\\/le-chouette-atelier-dimpression\\\/\",\"name\":\"Le Chouette atelier d'impression - Festival Echo des Mots\",\"isPartOf\":{\"@id\":\"https:\\\/\\\/festivalechodesmots.fr\\\/#website\"},\"primaryImageOfPage\":{\"@id\":\"https:\\\/\\\/festivalechodesmots.fr\\\/index.php\\\/event\\\/le-chouette-atelier-dimpression\\\/#primaryimage\"},\"image\":{\"@id\":\"https:\\\/\\\/festivalechodesmots.fr\\\/index.php\\\/event\\\/le-chouette-atelier-dimpression\\\/#primaryimage\"},\"thumbnailUrl\":\"https:\\\/\\\/festivalechodesmots.fr\\\/wp-content\\\/uploads\\\/2025\\\/06\\\/4-Le-chouette-atelier-dimpression-gravure_tetrapak2.jpg\",\"datePublished\":\"2025-06-27T08:39:44+00:00\",\"dateModified\":\"2026-04-01T09:19:43+00:00\",\"description\":\"Cr\u00e9ez votre chouette grav\u00e9e sur une boite cartonn\u00e9e recycl\u00e9e \u00e0 partir d\u2019empreintes de v\u00e9g\u00e9taux, d\u2019impressions vari\u00e9es avec les \u00e9l\u00e9ments glan\u00e9s dans la nature et voil\u00e0 votre chouette op\u00e9rationnelle pour un passage sous presse... Pour ses 20 ans d'existence, notre grande mascotte du Festival prendra alors vie dans son milieu naturel !\",\"breadcrumb\":{\"@id\":\"https:\\\/\\\/festivalechodesmots.fr\\\/index.php\\\/event\\\/le-chouette-atelier-dimpression\\\/#breadcrumb\"},\"inLanguage\":\"fr-FR\",\"potentialAction\":[{\"@type\":\"ReadAction\",\"target\":[\"https:\\\/\\\/festivalechodesmots.fr\\\/index.php\\\/event\\\/le-chouette-atelier-dimpression\\\/\"]}]},{\"@type\":\"ImageObject\",\"inLanguage\":\"fr-FR\",\"@id\":\"https:\\\/\\\/festivalechodesmots.fr\\\/index.php\\\/event\\\/le-chouette-atelier-dimpression\\\/#primaryimage\",\"url\":\"https:\\\/\\\/festivalechodesmots.fr\\\/wp-content\\\/uploads\\\/2025\\\/06\\\/4-Le-chouette-atelier-dimpression-gravure_tetrapak2.jpg\",\"contentUrl\":\"https:\\\/\\\/festivalechodesmots.fr\\\/wp-content\\\/uploads\\\/2025\\\/06\\\/4-Le-chouette-atelier-dimpression-gravure_tetrapak2.jpg\",\"width\":912,\"height\":1280},{\"@type\":\"BreadcrumbList\",\"@id\":\"https:\\\/\\\/festivalechodesmots.fr\\\/index.php\\\/event\\\/le-chouette-atelier-dimpression\\\/#breadcrumb\",\"itemListElement\":[{\"@type\":\"ListItem\",\"position\":1,\"name\":\"Accueil\",\"item\":\"https:\\\/\\\/festivalechodesmots.fr\\\/\"},{\"@type\":\"ListItem\",\"position\":2,\"name\":\"\u00c9v\u00e8nements\",\"item\":\"https:\\\/\\\/festivalechodesmots.fr\\\/index.php\\\/events\\\/\"},{\"@type\":\"ListItem\",\"position\":3,\"name\":\"Le Chouette atelier d&rsquo;impression\"}]},{\"@type\":\"WebSite\",\"@id\":\"https:\\\/\\\/festivalechodesmots.fr\\\/#website\",\"url\":\"https:\\\/\\\/festivalechodesmots.fr\\\/\",\"name\":\"Festival Echo des Mots\",\"description\":\"\",\"publisher\":{\"@id\":\"https:\\\/\\\/festivalechodesmots.fr\\\/#organization\"},\"potentialAction\":[{\"@type\":\"SearchAction\",\"target\":{\"@type\":\"EntryPoint\",\"urlTemplate\":\"https:\\\/\\\/festivalechodesmots.fr\\\/?s={search_term_string}\"},\"query-input\":{\"@type\":\"PropertyValueSpecification\",\"valueRequired\":true,\"valueName\":\"search_term_string\"}}],\"inLanguage\":\"fr-FR\"},{\"@type\":\"Organization\",\"@id\":\"https:\\\/\\\/festivalechodesmots.fr\\\/#organization\",\"name\":\"Festival Echo des Mots\",\"url\":\"https:\\\/\\\/festivalechodesmots.fr\\\/\",\"logo\":{\"@type\":\"ImageObject\",\"inLanguage\":\"fr-FR\",\"@id\":\"https:\\\/\\\/festivalechodesmots.fr\\\/#\\\/schema\\\/logo\\\/image\\\/\",\"url\":\"https:\\\/\\\/festivalechodesmots.fr\\\/wp-content\\\/uploads\\\/2025\\\/03\\\/cropped-Logo_Echo_Des_Mots_OK_RVB.png\",\"contentUrl\":\"https:\\\/\\\/festivalechodesmots.fr\\\/wp-content\\\/uploads\\\/2025\\\/03\\\/cropped-Logo_Echo_Des_Mots_OK_RVB.png\",\"width\":512,\"height\":512,\"caption\":\"Festival Echo des Mots\"},\"image\":{\"@id\":\"https:\\\/\\\/festivalechodesmots.fr\\\/#\\\/schema\\\/logo\\\/image\\\/\"}}]}<\/script>\n<!-- \/ Yoast SEO plugin. -->","yoast_head_json":{"title":"Le Chouette atelier d'impression - Festival Echo des Mots","description":"Cr\u00e9ez votre chouette grav\u00e9e sur une boite cartonn\u00e9e recycl\u00e9e \u00e0 partir d\u2019empreintes de v\u00e9g\u00e9taux, d\u2019impressions vari\u00e9es avec les \u00e9l\u00e9ments glan\u00e9s dans la nature et voil\u00e0 votre chouette op\u00e9rationnelle pour un passage sous presse... Pour ses 20 ans d'existence, notre grande mascotte du Festival prendra alors vie dans son milieu naturel !","robots":{"index":"index","follow":"follow","max-snippet":"max-snippet:-1","max-image-preview":"max-image-preview:large","max-video-preview":"max-video-preview:-1"},"canonical":"https:\/\/festivalechodesmots.fr\/index.php\/event\/le-chouette-atelier-dimpression\/","og_locale":"fr_FR","og_type":"article","og_title":"Le Chouette atelier d'impression - Festival Echo des Mots","og_description":"Cr\u00e9ez votre chouette grav\u00e9e sur une boite cartonn\u00e9e recycl\u00e9e \u00e0 partir d\u2019empreintes de v\u00e9g\u00e9taux, d\u2019impressions vari\u00e9es avec les \u00e9l\u00e9ments glan\u00e9s dans la nature et voil\u00e0 votre chouette op\u00e9rationnelle pour un passage sous presse... Pour ses 20 ans d'existence, notre grande mascotte du Festival prendra alors vie dans son milieu naturel !","og_url":"https:\/\/festivalechodesmots.fr\/index.php\/event\/le-chouette-atelier-dimpression\/","og_site_name":"Festival Echo des Mots","article_modified_time":"2026-04-01T09:19:43+00:00","og_image":[{"width":912,"height":1280,"url":"https:\/\/festivalechodesmots.fr\/wp-content\/uploads\/2025\/06\/4-Le-chouette-atelier-dimpression-gravure_tetrapak2.jpg","type":"image\/jpeg"}],"twitter_card":"summary_large_image","twitter_misc":{"Dur\u00e9e de lecture estim\u00e9e":"1 minute"},"schema":{"@context":"https:\/\/schema.org","@graph":[{"@type":"WebPage","@id":"https:\/\/festivalechodesmots.fr\/index.php\/event\/le-chouette-atelier-dimpression\/","url":"https:\/\/festivalechodesmots.fr\/index.php\/event\/le-chouette-atelier-dimpression\/","name":"Le Chouette atelier d'impression - Festival Echo des Mots","isPartOf":{"@id":"https:\/\/festivalechodesmots.fr\/#website"},"primaryImageOfPage":{"@id":"https:\/\/festivalechodesmots.fr\/index.php\/event\/le-chouette-atelier-dimpression\/#primaryimage"},"image":{"@id":"https:\/\/festivalechodesmots.fr\/index.php\/event\/le-chouette-atelier-dimpression\/#primaryimage"},"thumbnailUrl":"https:\/\/festivalechodesmots.fr\/wp-content\/uploads\/2025\/06\/4-Le-chouette-atelier-dimpression-gravure_tetrapak2.jpg","datePublished":"2025-06-27T08:39:44+00:00","dateModified":"2026-04-01T09:19:43+00:00","description":"Cr\u00e9ez votre chouette grav\u00e9e sur une boite cartonn\u00e9e recycl\u00e9e \u00e0 partir d\u2019empreintes de v\u00e9g\u00e9taux, d\u2019impressions vari\u00e9es avec les \u00e9l\u00e9ments glan\u00e9s dans la nature et voil\u00e0 votre chouette op\u00e9rationnelle pour un passage sous presse... Pour ses 20 ans d'existence, notre grande mascotte du Festival prendra alors vie dans son milieu naturel !","breadcrumb":{"@id":"https:\/\/festivalechodesmots.fr\/index.php\/event\/le-chouette-atelier-dimpression\/#breadcrumb"},"inLanguage":"fr-FR","potentialAction":[{"@type":"ReadAction","target":["https:\/\/festivalechodesmots.fr\/index.php\/event\/le-chouette-atelier-dimpression\/"]}]},{"@type":"ImageObject","inLanguage":"fr-FR","@id":"https:\/\/festivalechodesmots.fr\/index.php\/event\/le-chouette-atelier-dimpression\/#primaryimage","url":"https:\/\/festivalechodesmots.fr\/wp-content\/uploads\/2025\/06\/4-Le-chouette-atelier-dimpression-gravure_tetrapak2.jpg","contentUrl":"https:\/\/festivalechodesmots.fr\/wp-content\/uploads\/2025\/06\/4-Le-chouette-atelier-dimpression-gravure_tetrapak2.jpg","width":912,"height":1280},{"@type":"BreadcrumbList","@id":"https:\/\/festivalechodesmots.fr\/index.php\/event\/le-chouette-atelier-dimpression\/#breadcrumb","itemListElement":[{"@type":"ListItem","position":1,"name":"Accueil","item":"https:\/\/festivalechodesmots.fr\/"},{"@type":"ListItem","position":2,"name":"\u00c9v\u00e8nements","item":"https:\/\/festivalechodesmots.fr\/index.php\/events\/"},{"@type":"ListItem","position":3,"name":"Le Chouette atelier d&rsquo;impression"}]},{"@type":"WebSite","@id":"https:\/\/festivalechodesmots.fr\/#website","url":"https:\/\/festivalechodesmots.fr\/","name":"Festival Echo des Mots","description":"","publisher":{"@id":"https:\/\/festivalechodesmots.fr\/#organization"},"potentialAction":[{"@type":"SearchAction","target":{"@type":"EntryPoint","urlTemplate":"https:\/\/festivalechodesmots.fr\/?s={search_term_string}"},"query-input":{"@type":"PropertyValueSpecification","valueRequired":true,"valueName":"search_term_string"}}],"inLanguage":"fr-FR"},{"@type":"Organization","@id":"https:\/\/festivalechodesmots.fr\/#organization","name":"Festival Echo des Mots","url":"https:\/\/festivalechodesmots.fr\/","logo":{"@type":"ImageObject","inLanguage":"fr-FR","@id":"https:\/\/festivalechodesmots.fr\/#\/schema\/logo\/image\/","url":"https:\/\/festivalechodesmots.fr\/wp-content\/uploads\/2025\/03\/cropped-Logo_Echo_Des_Mots_OK_RVB.png","contentUrl":"https:\/\/festivalechodesmots.fr\/wp-content\/uploads\/2025\/03\/cropped-Logo_Echo_Des_Mots_OK_RVB.png","width":512,"height":512,"caption":"Festival Echo des Mots"},"image":{"@id":"https:\/\/festivalechodesmots.fr\/#\/schema\/logo\/image\/"}}]}},"_links":{"self":[{"href":"https:\/\/festivalechodesmots.fr\/index.php\/wp-json\/wp\/v2\/tribe_events\/1260","targetHints":{"allow":["GET"]}}],"collection":[{"href":"https:\/\/festivalechodesmots.fr\/index.php\/wp-json\/wp\/v2\/tribe_events"}],"about":[{"href":"https:\/\/festivalechodesmots.fr\/index.php\/wp-json\/wp\/v2\/types\/tribe_events"}],"author":[{"embeddable":true,"href":"https:\/\/festivalechodesmots.fr\/index.php\/wp-json\/wp\/v2\/users\/1"}],"version-history":[{"count":1,"href":"https:\/\/festivalechodesmots.fr\/index.php\/wp-json\/wp\/v2\/tribe_events\/1260\/revisions"}],"predecessor-version":[{"id":1261,"href":"https:\/\/festivalechodesmots.fr\/index.php\/wp-json\/wp\/v2\/tribe_events\/1260\/revisions\/1261"}],"wp:featuredmedia":[{"embeddable":true,"href":"https:\/\/festivalechodesmots.fr\/index.php\/wp-json\/wp\/v2\/media\/1056"}],"wp:attachment":[{"href":"https:\/\/festivalechodesmots.fr\/index.php\/wp-json\/wp\/v2\/media?parent=1260"}],"wp:term":[{"taxonomy":"post_tag","embeddable":true,"href":"https:\/\/festivalechodesmots.fr\/index.php\/wp-json\/wp\/v2\/tags?post=1260"},{"taxonomy":"tribe_events_cat","embeddable":true,"href":"https:\/\/festivalechodesmots.fr\/index.php\/wp-json\/wp\/v2\/tribe_events_cat?post=1260"}],"curies":[{"name":"wp","href":"https:\/\/api.w.org\/{rel}","templated":true}]}}