{"id":1258,"date":"2025-06-27T10:12:52","date_gmt":"2025-06-27T08:12:52","guid":{"rendered":"https:\/\/festivalechodesmots.fr\/?post_type=tribe_events&#038;p=1258"},"modified":"2026-04-01T11:19:03","modified_gmt":"2026-04-01T09:19:03","slug":"au-coeur-des-montagnes-dans-le-secret-de-la-haie","status":"publish","type":"tribe_events","link":"https:\/\/festivalechodesmots.fr\/index.php\/event\/au-coeur-des-montagnes-dans-le-secret-de-la-haie\/","title":{"rendered":"Au c\u0153ur des montagnes, dans le secret de la haie"},"content":{"rendered":"<div  class=\"tribe-events-schedule tribe-clearfix\" >\n\t<p class=\"tribe-events-schedule__datetime\">\n\t\t<span class=\"tribe-events-schedule__date tribe-events-schedule__date--start\">\n\t\t\t12 ao\u00fbt, 2025\t\t<\/span>\n\n\t\t\t\t\t<span class=\"tribe-events-schedule__separator tribe-events-schedule__separator--date\">\n\t\t\t\t \u00e0 \t\t\t<\/span>\n\t\t\t<span class=\"tribe-events-schedule__time tribe-events-schedule__time--start\">\n\t\t\t\t10h00\t\t\t<\/span>\n\t\t\n\t\t\t\t\t\t\t\t\t<span class=\"tribe-events-schedule__separator tribe-events-schedule__separator--time\">\n\t\t\t\t\tjusqu&#039;\u00e0\t\t\t\t<\/span>\n\t\t\t\n\t\t\t\t\t\t\t<span class=\"tribe-events-schedule__date tribe-events-schedule__date--end\">\n\t\t\t\t\t14 ao\u00fbt, 2025\t\t\t\t<\/span>\n\n\t\t\t\t\t\t\t\t\t<span class=\"tribe-events-schedule__separator tribe-events-schedule__separator--date\">\n\t\t\t\t\t\t \u00e0 \t\t\t\t\t<\/span>\n\t\t\t\t\t<span class=\"tribe-events-schedule__time tribe-events-schedule__time--end\">\n\t\t\t\t\t\t18h00\t\t\t\t\t<\/span>\n\t\t\t\t\n\t\t\t\n\t\t\t\t\t\t<\/p>\n<\/div>\n\n\n<div class=\"tribe-events-event-image\"><img fetchpriority=\"high\" decoding=\"async\" width=\"640\" height=\"640\" src=\"https:\/\/festivalechodesmots.fr\/wp-content\/uploads\/2025\/06\/2-Parc-national-des-ecrins.jpg\" class=\"attachment-full size-full wp-post-image\" alt=\"\" srcset=\"https:\/\/festivalechodesmots.fr\/wp-content\/uploads\/2025\/06\/2-Parc-national-des-ecrins.jpg 640w, https:\/\/festivalechodesmots.fr\/wp-content\/uploads\/2025\/06\/2-Parc-national-des-ecrins-300x300.jpg 300w, https:\/\/festivalechodesmots.fr\/wp-content\/uploads\/2025\/06\/2-Parc-national-des-ecrins-150x150.jpg 150w\" sizes=\"(max-width: 640px) 100vw, 640px\" \/><\/div>\n\n<h3>PARC NATIONAL DES \u00c9CRINS<\/h3>\n<p>D\u00e8s 6 ans obligatoirement accompagn\u00e9 d&rsquo;un adulte<\/p>\n<p>Venez d\u00e9couvrir la biodiversit\u00e9 qui se cache dans la montagne ou derri\u00e8re la haie avec un animateur du Parc National des \u00c9crins. D\u00e9couvrez les petites b\u00eates, leurs milieux de vie, leur cycle de vie. Trouvez leurs traces ou les indices qu&rsquo;ils ont laiss\u00e9s dans la haie.<\/p>\n\n\t<div  class=\"tribe-block tribe-block__events-link\" >\n\t\t<div class=\"tribe-events tribe-common\">\n\t\t\t<div class=\"tribe-events-c-subscribe-dropdown__container\">\n\t\t\t\t<div class=\"tribe-events-c-subscribe-dropdown\">\n\t\t\t\t\t<div class=\"tribe-common-c-btn-border tribe-events-c-subscribe-dropdown__button\">\n\t\t\t\t\t\t<svg\n\t class=\"tribe-common-c-svgicon tribe-common-c-svgicon--cal-export tribe-events-c-subscribe-dropdown__export-icon\" \taria-hidden=\"true\"\n\tviewBox=\"0 0 23 17\"\n\txmlns=\"http:\/\/www.w3.org\/2000\/svg\"\n>\n\t<path fill-rule=\"evenodd\" clip-rule=\"evenodd\" d=\"M.128.896V16.13c0 .211.145.383.323.383h15.354c.179 0 .323-.172.323-.383V.896c0-.212-.144-.383-.323-.383H.451C.273.513.128.684.128.896Zm16 6.742h-.901V4.679H1.009v10.729h14.218v-3.336h.901V7.638ZM1.01 1.614h14.218v2.058H1.009V1.614Z\" \/>\n\t<path d=\"M20.5 9.846H8.312M18.524 6.953l2.89 2.909-2.855 2.855\" stroke-width=\"1.2\" stroke-linecap=\"round\" stroke-linejoin=\"round\"\/>\n<\/svg>\n\t\t\t\t\t\t<button\n\t\t\t\t\t\t\tclass=\"tribe-events-c-subscribe-dropdown__button-text\"\n\t\t\t\t\t\t\taria-expanded=\"false\"\n\t\t\t\t\t\t\taria-controls=\"tribe-events-subscribe-dropdown-content\"\n\t\t\t\t\t\t\taria-label=\"Afficher les liens permettant d\u2019ajouter des \u00e9v\u00e8nements \u00e0 votre calendrier\"\n\t\t\t\t\t\t>\n\t\t\t\t\t\t\tAjouter au calendrier\t\t\t\t\t\t<\/button>\n\t\t\t\t\t\t<svg\n\t class=\"tribe-common-c-svgicon tribe-common-c-svgicon--caret-down tribe-events-c-subscribe-dropdown__button-icon\" \taria-hidden=\"true\"\n\tviewBox=\"0 0 10 7\"\n\txmlns=\"http:\/\/www.w3.org\/2000\/svg\"\n>\n\t<path fill-rule=\"evenodd\" clip-rule=\"evenodd\" d=\"M1.008.609L5 4.6 8.992.61l.958.958L5 6.517.05 1.566l.958-.958z\" class=\"tribe-common-c-svgicon__svg-fill\"\/>\n<\/svg>\n\t\t\t\t\t<\/div>\n\t\t\t\t\t<div id=\"tribe-events-subscribe-dropdown-content\" class=\"tribe-events-c-subscribe-dropdown__content\">\n\t\t\t\t\t\t<ul class=\"tribe-events-c-subscribe-dropdown__list\">\n\t\t\t\t\t\t\t\t\t\t\t\t\t\t\t<li class=\"tribe-events-c-subscribe-dropdown__list-item tribe-events-c-subscribe-dropdown__list-item--gcal\">\n\t\t\t\t\t\t\t\t\t<a\n\t\t\t\t\t\t\t\t\t\thref=\"https:\/\/www.google.com\/calendar\/event?action=TEMPLATE&#038;dates=20250812T100000\/20250814T180000&#038;text=Au%20c%C5%93ur%20des%20montagnes%2C%20dans%20le%20secret%20de%20la%20haie&#038;details=%3Ch3%3EPARC+NATIONAL+DES+%C3%89CRINS%3C%2Fh3%3E%3Cp%3ED%C3%A8s+6+ans+obligatoirement+accompagn%C3%A9+d%27un+adulte%3C%2Fp%3E+%3Cp%3EVenez+d%C3%A9couvrir+la+biodiversit%C3%A9+qui+se+cache+dans+la+montagne+ou+derri%C3%A8re+la+haie+avec+un+animateur+du+Parc+National+des+%C3%89crins.+D%C3%A9couvrez+les+petites+b%C3%AAtes%2C+leurs+milieux+de+vie%2C+leur+cycle+de+vie.+Trouvez+leurs+traces+ou+les+indices+qu%27ils+ont+laiss%C3%A9s+dans+la+haie.%3C%2Fp%3E+&#038;location=Espace%20Atelier,%20Base%20de%20loisirs%20du%20Ch\u00e2telard,%20Saint-Jean-Saint-Nicolas,%20HAUTES-ALPES,%2005260,%20France&#038;trp=false&#038;ctz=Europe\/Paris&#038;sprop=website:https:\/\/festivalechodesmots.fr\"\n\t\t\t\t\t\t\t\t\t\tclass=\"tribe-events-c-subscribe-dropdown__list-item-link\"\n\t\t\t\t\t\t\t\t\t\ttarget=\"_blank\"\n\t\t\t\t\t\t\t\t\t\trel=\"noopener noreferrer nofollow noindex\"\n\t\t\t\t\t\t\t\t\t>\n\t\t\t\t\t\t\t\t\t\tGoogle Agenda\t\t\t\t\t\t\t\t\t<\/a>\n\t\t\t\t\t\t\t\t<\/li>\n\t\t\t\t\t\t\t\t\t\t\t\t\t\t\t<li class=\"tribe-events-c-subscribe-dropdown__list-item tribe-events-c-subscribe-dropdown__list-item--ical\">\n\t\t\t\t\t\t\t\t\t<a\n\t\t\t\t\t\t\t\t\t\thref=\"\"\n\t\t\t\t\t\t\t\t\t\tclass=\"tribe-events-c-subscribe-dropdown__list-item-link\"\n\t\t\t\t\t\t\t\t\t\ttarget=\"_blank\"\n\t\t\t\t\t\t\t\t\t\trel=\"noopener noreferrer nofollow noindex\"\n\t\t\t\t\t\t\t\t\t>\n\t\t\t\t\t\t\t\t\t\tiCalendar\t\t\t\t\t\t\t\t\t<\/a>\n\t\t\t\t\t\t\t\t<\/li>\n\t\t\t\t\t\t\t\t\t\t\t\t\t\t\t<li class=\"tribe-events-c-subscribe-dropdown__list-item tribe-events-c-subscribe-dropdown__list-item--outlook-365\">\n\t\t\t\t\t\t\t\t\t<a\n\t\t\t\t\t\t\t\t\t\thref=\"\"\n\t\t\t\t\t\t\t\t\t\tclass=\"tribe-events-c-subscribe-dropdown__list-item-link\"\n\t\t\t\t\t\t\t\t\t\ttarget=\"_blank\"\n\t\t\t\t\t\t\t\t\t\trel=\"noopener noreferrer nofollow noindex\"\n\t\t\t\t\t\t\t\t\t>\n\t\t\t\t\t\t\t\t\t\tOutlook 365\t\t\t\t\t\t\t\t\t<\/a>\n\t\t\t\t\t\t\t\t<\/li>\n\t\t\t\t\t\t\t\t\t\t\t\t\t\t\t<li class=\"tribe-events-c-subscribe-dropdown__list-item tribe-events-c-subscribe-dropdown__list-item--outlook-live\">\n\t\t\t\t\t\t\t\t\t<a\n\t\t\t\t\t\t\t\t\t\thref=\"\"\n\t\t\t\t\t\t\t\t\t\tclass=\"tribe-events-c-subscribe-dropdown__list-item-link\"\n\t\t\t\t\t\t\t\t\t\ttarget=\"_blank\"\n\t\t\t\t\t\t\t\t\t\trel=\"noopener noreferrer nofollow noindex\"\n\t\t\t\t\t\t\t\t\t>\n\t\t\t\t\t\t\t\t\t\tOutlook Live\t\t\t\t\t\t\t\t\t<\/a>\n\t\t\t\t\t\t\t\t<\/li>\n\t\t\t\t\t\t\t\t\t\t\t\t\t<\/ul>\n\t\t\t\t\t<\/div>\n\t\t\t\t<\/div>\n\t\t\t<\/div>\n\t\t<\/div>\n\t<\/div>\n\n\n\n<div  class=\"tribe-events-single-section tribe-events-event-meta primary tribe-clearfix\" >\n\t\n\t\n<div class=\"tribe-events-meta-group tribe-events-meta-group-details\">\n\t<h3 class=\"tribe-events-single-section-title\">\n\t\t\t\t\tD\u00e9tails\t\t\n\t<\/h3>\n\t<ul class=\"tribe-events-meta-list\">\n\n\t\t\n\t\t\t<li class=\"tribe-events-meta-item\">\n\t\t\t\t<span class=\"tribe-events-meta-label\">D\u00e9but\u00a0:<\/span>\n\t\t\t\t<span class=\"tribe-events-meta-value\">\n\t\t\t\t\t<abbr class=\"tribe-events-abbr updated published dtstart\" title=\"2025-08-12\"> 12 ao\u00fbt, 2025 \u00e0 10h00 <\/abbr>\n\t\t\t\t\t\t\t\t\t<\/span>\n\t\t\t<\/li>\n\n\t\t\t<li class=\"tribe-events-meta-item\">\n\t\t\t\t<span class=\"tribe-events-meta-label\">Fin\u00a0:<\/span>\n\t\t\t\t<span class=\"tribe-events-meta-value\">\n\t\t\t\t\t<abbr class=\"tribe-events-abbr dtend\" title=\"2025-08-14\"> 14 ao\u00fbt, 2025 \u00e0 18h00 <\/abbr>\n\t\t\t\t\t\t\t\t\t<\/span>\n\t\t\t<\/li>\n\n\t\t\n\t\t\t\t\t<li class=\"tribe-events-meta-item\">\n\t\t\t\t<span class=\"tribe-events-meta-label\">Prix\u00a0:<\/span>\n\t\t\t\t<span class=\"tribe-events-event-cost tribe-events-meta-value\"> Free <\/span>\n\t\t\t<\/li>\n\t\t\n\t\t\n\t\t<li class=\"tribe-events-meta-item\"><span class=\"tribe-events-event-categories-label tribe-events-meta-label\">Cat\u00e9gorie d\u2019\u00c9v\u00e8nement:<\/span> <span class=\"tribe-events-event-categories tribe-events-meta-value\"><a href=\"https:\/\/festivalechodesmots.fr\/index.php\/events\/categorie\/ateliers\/\" rel=\"tag\">Ateliers<\/a><\/span><\/li>\n\t\t<li class=\"tribe-events-meta-item\"><span class=\"tribe-event-tags-label tribe-events-meta-label\">\u00c9v\u00e8nement Tags:<\/span><span class=\"tribe-event-tags tribe-events-meta-value\"><a href=\"https:\/\/festivalechodesmots.fr\/events\/etiquette\/12-aout\/\" rel=\"tag\">12 ao\u00fbt<\/a>, <a href=\"https:\/\/festivalechodesmots.fr\/events\/etiquette\/13-aout\/\" rel=\"tag\">13 ao\u00fbt<\/a>, <a href=\"https:\/\/festivalechodesmots.fr\/events\/etiquette\/14-aout\/\" rel=\"tag\">14 ao\u00fbt<\/a>, <a href=\"https:\/\/festivalechodesmots.fr\/events\/etiquette\/atelier\/\" rel=\"tag\">Atelier<\/a>, <a href=\"https:\/\/festivalechodesmots.fr\/events\/etiquette\/gratuit\/\" rel=\"tag\">gratuit<\/a><\/span><\/li>\n\t\t\n\t\t\t<\/ul>\n<\/div>\n\t\n<div class=\"tribe-events-meta-group tribe-events-meta-group-organizer\">\n\t<h3 class=\"tribe-events-single-section-title\">\n\t\t\t\t\tOrganisateur\t\t\t<\/h3>\n\t<ul class=\"tribe-events-meta-list tribe-events-meta-list-organizer\">\n\t\t\t\t\t<li class=\"tribe-events-meta-item\">\n\t\t\t\t<span class=\"tribe-organizer tribe-events-meta-value\">\n\t\t\t\t\tFestival Echo Des Mots\t\t\t\t<\/span>\n\t\t\t<\/li>\n\t\t\t\t<\/ul>\n<\/div>\n\n\t<\/div>\n\n\n<div  class=\"tribe-block tribe-block__venue tribe-clearfix tribe-block__venue--has-map\" >\n\t\n\t\n<div class=\"tribe-block__venue__meta\">\n\t<div class=\"tribe-block__venue__name\">\n\t\t<h3>Espace Atelier<\/h3>\n\t<\/div>\n\n\t\n\t\t\t\t\t\t<address class=\"tribe-block__venue__address\">\n\t\t\t\t<span class=\"tribe-address\">\n\n<span class=\"tribe-street-address\">Base de loisirs du Ch\u00e2telard<\/span>\n\t\n\t\t<br>\n\t\t<span class=\"tribe-locality\">Saint-Jean-Saint-Nicolas<\/span><span class=\"tribe-delimiter\">,<\/span>\n\n\t<abbr class=\"tribe-region tribe-events-abbr\" title=\"HAUTES-ALPES\">HAUTES-ALPES<\/abbr>\n\n\t<span class=\"tribe-postal-code\">05260<\/span>\n\n\t<span class=\"tribe-country-name\">France<\/span>\n\n<\/span>\n\n\t\t\t\t\t\t\t\t\t<a class=\"tribe-events-gmap\" href=\"https:\/\/maps.google.com\/maps?f=q&#038;source=s_q&#038;hl=en&#038;geocode=&#038;q=Base+de+loisirs+du+Ch%C3%A2telard+Saint-Jean-Saint-Nicolas+HAUTES-ALPES+05260+France\" title=\"Cliquez pour voir une carte Google Map\" target=\"_blank\" rel=\"noreferrer noopener\">+ Google Map<\/a>\t\t\t\t\t\t\t<\/address>\n\t\t\n\t\t\n\t\t\t\n\t<\/div>\n\t\n<div class=\"tribe-block__venue__map\">\n\t\n<iframe\n  title=\"L\u2018iframe Google maps affichant l\u2019adresse \u00e0 Espace Atelier\"\n  aria-label=\"Plan des lieux\"\n  width=\"310px\"\n  height=\"256px\"\n  frameborder=\"0\" style=\"border:0\"\n  src=\"https:\/\/www.google.com\/maps\/embed\/v1\/place?key=AIzaSyDNsicAsP6-VuGtAb1O9riI3oc_NOb7IOU&#038;q=Base+de+loisirs+du+Ch%C3%A2telard+Saint-Jean-Saint-Nicolas+HAUTES-ALPES+05260+France+&#038;zoom=15\" allowfullscreen>\n<\/iframe>\n<\/div>\n\n\t<\/div>\n","protected":false},"excerpt":{"rendered":"<p>PARC NATIONAL DES \u00c9CRINS D\u00e8s 6 ans obligatoirement accompagn\u00e9 d&rsquo;un adulte Venez d\u00e9couvrir la biodiversit\u00e9 qui se cache dans la montagne ou derri\u00e8re la haie avec un animateur du Parc&#8230;<\/p>\n","protected":false},"author":1,"featured_media":1054,"template":"","meta":{"_EventAllDay":false,"_EventTimezone":"Europe\/Paris","_EventStartDate":"2025-08-12 10:00:00","_EventEndDate":"2025-08-14 18:00:00","_EventStartDateUTC":"2025-08-12 08:00:00","_EventEndDateUTC":"2025-08-14 16:00:00","_EventShowMap":false,"_EventShowMapLink":true,"_EventURL":"","_EventCost":"Free","_EventCostDescription":"","_EventCurrencySymbol":"\u20ac","_EventCurrencyCode":"EUR","_EventCurrencyPosition":"suffix","_EventDateTimeSeparator":"","_EventTimeRangeSeparator":"jusqu'\u00e0","_EventOrganizerID":[73],"_EventVenueID":[1250],"_OrganizerEmail":"","_OrganizerPhone":"","_OrganizerWebsite":"","_VenueAddress":"","_VenueCity":"","_VenueCountry":"","_VenueProvince":"","_VenueState":"","_VenueZip":"","_VenuePhone":"","_VenueURL":"","_VenueStateProvince":"","_VenueLat":"","_VenueLng":"","_VenueShowMap":false,"_VenueShowMapLink":false,"_themeisle_gutenberg_block_has_review":false,"_kad_post_transparent":"","_kad_post_title":"","_kad_post_layout":"","_kad_post_sidebar_id":"","_kad_post_content_style":"","_kad_post_vertical_padding":"","_kad_post_feature":"","_kad_post_feature_position":"","_kad_post_header":false,"_kad_post_footer":false,"_kad_post_classname":"","_tribe_events_status":"","_tribe_events_status_reason":"","footnotes":""},"tags":[29,30,31,44,42],"tribe_events_cat":[9],"class_list":["post-1258","tribe_events","type-tribe_events","status-publish","has-post-thumbnail","hentry","tag-12-aout","tag-13-aout","tag-14-aout","tag-atelier","tag-gratuit","tribe_events_cat-ateliers","cat_ateliers"],"yoast_head":"<!-- This site is optimized with the Yoast SEO plugin v27.4 - https:\/\/yoast.com\/product\/yoast-seo-wordpress\/ -->\n<title>Au c\u0153ur des montagnes, dans le secret de la haie - Festival Echo des Mots<\/title>\n<meta name=\"description\" content=\"Venez d\u00e9couvrir la biodiversit\u00e9 qui se cache dans la montagne ou derri\u00e8re la haie avec un animateur du Parc National des \u00c9crins. D\u00e9couvrez les petites b\u00eates, leurs milieux de vie, leur cycle de vie. Trouvez leurs traces ou les indices qu&#039;ils ont laiss\u00e9s dans la haie.\" \/>\n<meta name=\"robots\" content=\"index, follow, max-snippet:-1, max-image-preview:large, max-video-preview:-1\" \/>\n<link rel=\"canonical\" href=\"https:\/\/festivalechodesmots.fr\/index.php\/event\/au-coeur-des-montagnes-dans-le-secret-de-la-haie\/\" \/>\n<meta property=\"og:locale\" content=\"fr_FR\" \/>\n<meta property=\"og:type\" content=\"article\" \/>\n<meta property=\"og:title\" content=\"Au c\u0153ur des montagnes, dans le secret de la haie - Festival Echo des Mots\" \/>\n<meta property=\"og:description\" content=\"Venez d\u00e9couvrir la biodiversit\u00e9 qui se cache dans la montagne ou derri\u00e8re la haie avec un animateur du Parc National des \u00c9crins. D\u00e9couvrez les petites b\u00eates, leurs milieux de vie, leur cycle de vie. Trouvez leurs traces ou les indices qu&#039;ils ont laiss\u00e9s dans la haie.\" \/>\n<meta property=\"og:url\" content=\"https:\/\/festivalechodesmots.fr\/index.php\/event\/au-coeur-des-montagnes-dans-le-secret-de-la-haie\/\" \/>\n<meta property=\"og:site_name\" content=\"Festival Echo des Mots\" \/>\n<meta property=\"article:modified_time\" content=\"2026-04-01T09:19:03+00:00\" \/>\n<meta property=\"og:image\" content=\"https:\/\/festivalechodesmots.fr\/wp-content\/uploads\/2025\/06\/2-Parc-national-des-ecrins.jpg\" \/>\n\t<meta property=\"og:image:width\" content=\"640\" \/>\n\t<meta property=\"og:image:height\" content=\"640\" \/>\n\t<meta property=\"og:image:type\" content=\"image\/jpeg\" \/>\n<meta name=\"twitter:card\" content=\"summary_large_image\" \/>\n<meta name=\"twitter:label1\" content=\"Dur\u00e9e de lecture estim\u00e9e\" \/>\n\t<meta name=\"twitter:data1\" content=\"1 minute\" \/>\n<script type=\"application\/ld+json\" class=\"yoast-schema-graph\">{\"@context\":\"https:\\\/\\\/schema.org\",\"@graph\":[{\"@type\":\"WebPage\",\"@id\":\"https:\\\/\\\/festivalechodesmots.fr\\\/index.php\\\/event\\\/au-coeur-des-montagnes-dans-le-secret-de-la-haie\\\/\",\"url\":\"https:\\\/\\\/festivalechodesmots.fr\\\/index.php\\\/event\\\/au-coeur-des-montagnes-dans-le-secret-de-la-haie\\\/\",\"name\":\"Au c\u0153ur des montagnes, dans le secret de la haie - Festival Echo des Mots\",\"isPartOf\":{\"@id\":\"https:\\\/\\\/festivalechodesmots.fr\\\/#website\"},\"primaryImageOfPage\":{\"@id\":\"https:\\\/\\\/festivalechodesmots.fr\\\/index.php\\\/event\\\/au-coeur-des-montagnes-dans-le-secret-de-la-haie\\\/#primaryimage\"},\"image\":{\"@id\":\"https:\\\/\\\/festivalechodesmots.fr\\\/index.php\\\/event\\\/au-coeur-des-montagnes-dans-le-secret-de-la-haie\\\/#primaryimage\"},\"thumbnailUrl\":\"https:\\\/\\\/festivalechodesmots.fr\\\/wp-content\\\/uploads\\\/2025\\\/06\\\/2-Parc-national-des-ecrins.jpg\",\"datePublished\":\"2025-06-27T08:12:52+00:00\",\"dateModified\":\"2026-04-01T09:19:03+00:00\",\"description\":\"Venez d\u00e9couvrir la biodiversit\u00e9 qui se cache dans la montagne ou derri\u00e8re la haie avec un animateur du Parc National des \u00c9crins. D\u00e9couvrez les petites b\u00eates, leurs milieux de vie, leur cycle de vie. Trouvez leurs traces ou les indices qu'ils ont laiss\u00e9s dans la haie.\",\"breadcrumb\":{\"@id\":\"https:\\\/\\\/festivalechodesmots.fr\\\/index.php\\\/event\\\/au-coeur-des-montagnes-dans-le-secret-de-la-haie\\\/#breadcrumb\"},\"inLanguage\":\"fr-FR\",\"potentialAction\":[{\"@type\":\"ReadAction\",\"target\":[\"https:\\\/\\\/festivalechodesmots.fr\\\/index.php\\\/event\\\/au-coeur-des-montagnes-dans-le-secret-de-la-haie\\\/\"]}]},{\"@type\":\"ImageObject\",\"inLanguage\":\"fr-FR\",\"@id\":\"https:\\\/\\\/festivalechodesmots.fr\\\/index.php\\\/event\\\/au-coeur-des-montagnes-dans-le-secret-de-la-haie\\\/#primaryimage\",\"url\":\"https:\\\/\\\/festivalechodesmots.fr\\\/wp-content\\\/uploads\\\/2025\\\/06\\\/2-Parc-national-des-ecrins.jpg\",\"contentUrl\":\"https:\\\/\\\/festivalechodesmots.fr\\\/wp-content\\\/uploads\\\/2025\\\/06\\\/2-Parc-national-des-ecrins.jpg\",\"width\":640,\"height\":640},{\"@type\":\"BreadcrumbList\",\"@id\":\"https:\\\/\\\/festivalechodesmots.fr\\\/index.php\\\/event\\\/au-coeur-des-montagnes-dans-le-secret-de-la-haie\\\/#breadcrumb\",\"itemListElement\":[{\"@type\":\"ListItem\",\"position\":1,\"name\":\"Accueil\",\"item\":\"https:\\\/\\\/festivalechodesmots.fr\\\/\"},{\"@type\":\"ListItem\",\"position\":2,\"name\":\"\u00c9v\u00e8nements\",\"item\":\"https:\\\/\\\/festivalechodesmots.fr\\\/index.php\\\/events\\\/\"},{\"@type\":\"ListItem\",\"position\":3,\"name\":\"Au c\u0153ur des montagnes, dans le secret de la haie\"}]},{\"@type\":\"WebSite\",\"@id\":\"https:\\\/\\\/festivalechodesmots.fr\\\/#website\",\"url\":\"https:\\\/\\\/festivalechodesmots.fr\\\/\",\"name\":\"Festival Echo des Mots\",\"description\":\"\",\"publisher\":{\"@id\":\"https:\\\/\\\/festivalechodesmots.fr\\\/#organization\"},\"potentialAction\":[{\"@type\":\"SearchAction\",\"target\":{\"@type\":\"EntryPoint\",\"urlTemplate\":\"https:\\\/\\\/festivalechodesmots.fr\\\/?s={search_term_string}\"},\"query-input\":{\"@type\":\"PropertyValueSpecification\",\"valueRequired\":true,\"valueName\":\"search_term_string\"}}],\"inLanguage\":\"fr-FR\"},{\"@type\":\"Organization\",\"@id\":\"https:\\\/\\\/festivalechodesmots.fr\\\/#organization\",\"name\":\"Festival Echo des Mots\",\"url\":\"https:\\\/\\\/festivalechodesmots.fr\\\/\",\"logo\":{\"@type\":\"ImageObject\",\"inLanguage\":\"fr-FR\",\"@id\":\"https:\\\/\\\/festivalechodesmots.fr\\\/#\\\/schema\\\/logo\\\/image\\\/\",\"url\":\"https:\\\/\\\/festivalechodesmots.fr\\\/wp-content\\\/uploads\\\/2025\\\/03\\\/cropped-Logo_Echo_Des_Mots_OK_RVB.png\",\"contentUrl\":\"https:\\\/\\\/festivalechodesmots.fr\\\/wp-content\\\/uploads\\\/2025\\\/03\\\/cropped-Logo_Echo_Des_Mots_OK_RVB.png\",\"width\":512,\"height\":512,\"caption\":\"Festival Echo des Mots\"},\"image\":{\"@id\":\"https:\\\/\\\/festivalechodesmots.fr\\\/#\\\/schema\\\/logo\\\/image\\\/\"}}]}<\/script>\n<!-- \/ Yoast SEO plugin. -->","yoast_head_json":{"title":"Au c\u0153ur des montagnes, dans le secret de la haie - Festival Echo des Mots","description":"Venez d\u00e9couvrir la biodiversit\u00e9 qui se cache dans la montagne ou derri\u00e8re la haie avec un animateur du Parc National des \u00c9crins. D\u00e9couvrez les petites b\u00eates, leurs milieux de vie, leur cycle de vie. Trouvez leurs traces ou les indices qu'ils ont laiss\u00e9s dans la haie.","robots":{"index":"index","follow":"follow","max-snippet":"max-snippet:-1","max-image-preview":"max-image-preview:large","max-video-preview":"max-video-preview:-1"},"canonical":"https:\/\/festivalechodesmots.fr\/index.php\/event\/au-coeur-des-montagnes-dans-le-secret-de-la-haie\/","og_locale":"fr_FR","og_type":"article","og_title":"Au c\u0153ur des montagnes, dans le secret de la haie - Festival Echo des Mots","og_description":"Venez d\u00e9couvrir la biodiversit\u00e9 qui se cache dans la montagne ou derri\u00e8re la haie avec un animateur du Parc National des \u00c9crins. D\u00e9couvrez les petites b\u00eates, leurs milieux de vie, leur cycle de vie. Trouvez leurs traces ou les indices qu'ils ont laiss\u00e9s dans la haie.","og_url":"https:\/\/festivalechodesmots.fr\/index.php\/event\/au-coeur-des-montagnes-dans-le-secret-de-la-haie\/","og_site_name":"Festival Echo des Mots","article_modified_time":"2026-04-01T09:19:03+00:00","og_image":[{"width":640,"height":640,"url":"https:\/\/festivalechodesmots.fr\/wp-content\/uploads\/2025\/06\/2-Parc-national-des-ecrins.jpg","type":"image\/jpeg"}],"twitter_card":"summary_large_image","twitter_misc":{"Dur\u00e9e de lecture estim\u00e9e":"1 minute"},"schema":{"@context":"https:\/\/schema.org","@graph":[{"@type":"WebPage","@id":"https:\/\/festivalechodesmots.fr\/index.php\/event\/au-coeur-des-montagnes-dans-le-secret-de-la-haie\/","url":"https:\/\/festivalechodesmots.fr\/index.php\/event\/au-coeur-des-montagnes-dans-le-secret-de-la-haie\/","name":"Au c\u0153ur des montagnes, dans le secret de la haie - Festival Echo des Mots","isPartOf":{"@id":"https:\/\/festivalechodesmots.fr\/#website"},"primaryImageOfPage":{"@id":"https:\/\/festivalechodesmots.fr\/index.php\/event\/au-coeur-des-montagnes-dans-le-secret-de-la-haie\/#primaryimage"},"image":{"@id":"https:\/\/festivalechodesmots.fr\/index.php\/event\/au-coeur-des-montagnes-dans-le-secret-de-la-haie\/#primaryimage"},"thumbnailUrl":"https:\/\/festivalechodesmots.fr\/wp-content\/uploads\/2025\/06\/2-Parc-national-des-ecrins.jpg","datePublished":"2025-06-27T08:12:52+00:00","dateModified":"2026-04-01T09:19:03+00:00","description":"Venez d\u00e9couvrir la biodiversit\u00e9 qui se cache dans la montagne ou derri\u00e8re la haie avec un animateur du Parc National des \u00c9crins. D\u00e9couvrez les petites b\u00eates, leurs milieux de vie, leur cycle de vie. Trouvez leurs traces ou les indices qu'ils ont laiss\u00e9s dans la haie.","breadcrumb":{"@id":"https:\/\/festivalechodesmots.fr\/index.php\/event\/au-coeur-des-montagnes-dans-le-secret-de-la-haie\/#breadcrumb"},"inLanguage":"fr-FR","potentialAction":[{"@type":"ReadAction","target":["https:\/\/festivalechodesmots.fr\/index.php\/event\/au-coeur-des-montagnes-dans-le-secret-de-la-haie\/"]}]},{"@type":"ImageObject","inLanguage":"fr-FR","@id":"https:\/\/festivalechodesmots.fr\/index.php\/event\/au-coeur-des-montagnes-dans-le-secret-de-la-haie\/#primaryimage","url":"https:\/\/festivalechodesmots.fr\/wp-content\/uploads\/2025\/06\/2-Parc-national-des-ecrins.jpg","contentUrl":"https:\/\/festivalechodesmots.fr\/wp-content\/uploads\/2025\/06\/2-Parc-national-des-ecrins.jpg","width":640,"height":640},{"@type":"BreadcrumbList","@id":"https:\/\/festivalechodesmots.fr\/index.php\/event\/au-coeur-des-montagnes-dans-le-secret-de-la-haie\/#breadcrumb","itemListElement":[{"@type":"ListItem","position":1,"name":"Accueil","item":"https:\/\/festivalechodesmots.fr\/"},{"@type":"ListItem","position":2,"name":"\u00c9v\u00e8nements","item":"https:\/\/festivalechodesmots.fr\/index.php\/events\/"},{"@type":"ListItem","position":3,"name":"Au c\u0153ur des montagnes, dans le secret de la haie"}]},{"@type":"WebSite","@id":"https:\/\/festivalechodesmots.fr\/#website","url":"https:\/\/festivalechodesmots.fr\/","name":"Festival Echo des Mots","description":"","publisher":{"@id":"https:\/\/festivalechodesmots.fr\/#organization"},"potentialAction":[{"@type":"SearchAction","target":{"@type":"EntryPoint","urlTemplate":"https:\/\/festivalechodesmots.fr\/?s={search_term_string}"},"query-input":{"@type":"PropertyValueSpecification","valueRequired":true,"valueName":"search_term_string"}}],"inLanguage":"fr-FR"},{"@type":"Organization","@id":"https:\/\/festivalechodesmots.fr\/#organization","name":"Festival Echo des Mots","url":"https:\/\/festivalechodesmots.fr\/","logo":{"@type":"ImageObject","inLanguage":"fr-FR","@id":"https:\/\/festivalechodesmots.fr\/#\/schema\/logo\/image\/","url":"https:\/\/festivalechodesmots.fr\/wp-content\/uploads\/2025\/03\/cropped-Logo_Echo_Des_Mots_OK_RVB.png","contentUrl":"https:\/\/festivalechodesmots.fr\/wp-content\/uploads\/2025\/03\/cropped-Logo_Echo_Des_Mots_OK_RVB.png","width":512,"height":512,"caption":"Festival Echo des Mots"},"image":{"@id":"https:\/\/festivalechodesmots.fr\/#\/schema\/logo\/image\/"}}]}},"_links":{"self":[{"href":"https:\/\/festivalechodesmots.fr\/index.php\/wp-json\/wp\/v2\/tribe_events\/1258","targetHints":{"allow":["GET"]}}],"collection":[{"href":"https:\/\/festivalechodesmots.fr\/index.php\/wp-json\/wp\/v2\/tribe_events"}],"about":[{"href":"https:\/\/festivalechodesmots.fr\/index.php\/wp-json\/wp\/v2\/types\/tribe_events"}],"author":[{"embeddable":true,"href":"https:\/\/festivalechodesmots.fr\/index.php\/wp-json\/wp\/v2\/users\/1"}],"version-history":[{"count":6,"href":"https:\/\/festivalechodesmots.fr\/index.php\/wp-json\/wp\/v2\/tribe_events\/1258\/revisions"}],"predecessor-version":[{"id":1691,"href":"https:\/\/festivalechodesmots.fr\/index.php\/wp-json\/wp\/v2\/tribe_events\/1258\/revisions\/1691"}],"wp:featuredmedia":[{"embeddable":true,"href":"https:\/\/festivalechodesmots.fr\/index.php\/wp-json\/wp\/v2\/media\/1054"}],"wp:attachment":[{"href":"https:\/\/festivalechodesmots.fr\/index.php\/wp-json\/wp\/v2\/media?parent=1258"}],"wp:term":[{"taxonomy":"post_tag","embeddable":true,"href":"https:\/\/festivalechodesmots.fr\/index.php\/wp-json\/wp\/v2\/tags?post=1258"},{"taxonomy":"tribe_events_cat","embeddable":true,"href":"https:\/\/festivalechodesmots.fr\/index.php\/wp-json\/wp\/v2\/tribe_events_cat?post=1258"}],"curies":[{"name":"wp","href":"https:\/\/api.w.org\/{rel}","templated":true}]}}