{"id":1169,"date":"2025-06-26T09:18:41","date_gmt":"2025-06-26T07:18:41","guid":{"rendered":"https:\/\/festivalechodesmots.fr\/?post_type=tribe_events&#038;p=1169"},"modified":"2026-04-01T11:16:39","modified_gmt":"2026-04-01T09:16:39","slug":"terre-promise","status":"publish","type":"tribe_events","link":"https:\/\/festivalechodesmots.fr\/index.php\/event\/terre-promise\/","title":{"rendered":"Terre Promise"},"content":{"rendered":"<div  class=\"tribe-events-schedule tribe-clearfix\" >\n\t<p class=\"tribe-events-schedule__datetime\">\n\t\t<span class=\"tribe-events-schedule__date tribe-events-schedule__date--start\">\n\t\t\t13 ao\u00fbt, 2025\t\t<\/span>\n\n\t\t\t\t\t<span class=\"tribe-events-schedule__separator tribe-events-schedule__separator--date\">\n\t\t\t\t \u00e0 \t\t\t<\/span>\n\t\t\t<span class=\"tribe-events-schedule__time tribe-events-schedule__time--start\">\n\t\t\t\t11h00\t\t\t<\/span>\n\t\t\n\t\t\t\t\t\t\t\t\t<span class=\"tribe-events-schedule__separator tribe-events-schedule__separator--time\">\n\t\t\t\t\tjusqu\\&#039;\u00e0\t\t\t\t<\/span>\n\t\t\t\n\t\t\t\t\t\t\t<span class=\"tribe-events-schedule__time tribe-events-schedule__time--end\">\n\t\t\t\t\t12h00\t\t\t\t<\/span>\n\t\t\t\n\t\t\t\t\t\t<\/p>\n<\/div>\n\n\n<div class=\"tribe-events-event-image\"><img fetchpriority=\"high\" decoding=\"async\" width=\"2560\" height=\"1859\" src=\"https:\/\/festivalechodesmots.fr\/wp-content\/uploads\/2025\/07\/30-Terre-Promise-scaled.jpg\" class=\"attachment-full size-full wp-post-image\" alt=\"\" srcset=\"https:\/\/festivalechodesmots.fr\/wp-content\/uploads\/2025\/07\/30-Terre-Promise-scaled.jpg 2560w, https:\/\/festivalechodesmots.fr\/wp-content\/uploads\/2025\/07\/30-Terre-Promise-300x218.jpg 300w, https:\/\/festivalechodesmots.fr\/wp-content\/uploads\/2025\/07\/30-Terre-Promise-1024x743.jpg 1024w, https:\/\/festivalechodesmots.fr\/wp-content\/uploads\/2025\/07\/30-Terre-Promise-768x558.jpg 768w, https:\/\/festivalechodesmots.fr\/wp-content\/uploads\/2025\/07\/30-Terre-Promise-1536x1115.jpg 1536w, https:\/\/festivalechodesmots.fr\/wp-content\/uploads\/2025\/07\/30-Terre-Promise-2048x1487.jpg 2048w\" sizes=\"(max-width: 2560px) 100vw, 2560px\" \/><\/div>\n\n<h3><strong>Olivier Sessa + Anne-Sophie Masson<\/strong> | Morbihan<\/h3>\n<p><strong>R\u00e9cit<\/strong><\/p>\n<p><strong>De 8 \u00e0 108 ans <\/strong><\/p>\n<p><strong>Saint-Bonnet-en-Champsaur &#8211; L\u2019Ouort de Benev\u00e8nt &#8211; Route des Gentillons<\/strong><\/p>\n<p><strong>1h<\/strong><\/p>\n<p>Oliv revient sur les traces de ses anc\u00eatres, entre Terre et Mer, \u00e0 la rencontre de sa profonde Bretagne : la maison de son enfance, sa vieille bigote de voisine, une f\u00eate religieuse traditionnelle, un festival des vieilles Charrues, des retrouvailles avec un vieux copain des bancs d\u2019\u00e9cole devenu paysan, la vie de bagnard des p\u00eacheurs de morue, un fossoyeur peu rassurant. Ce voyage identitaire dr\u00f4le, \u00e9prouvant, touchant et surprenant, Oliv le vit pas \u00e0 pas, sous l\u2019\u0153il attentif d\u2019Anso, son ange gardien, sa f\u00e9e, sa muse imaginaire, sa boh\u00e9mienne du c\u0153ur.<\/p>\n\n<div  class=\"tribe-events-single-section tribe-events-event-meta primary tribe-clearfix\" >\n\t\n\t\n<div class=\"tribe-events-meta-group tribe-events-meta-group-details\">\n\t<h3 class=\"tribe-events-single-section-title\">\n\t\t\t\t\tD\u00e9tails\t\t\n\t<\/h3>\n\t<ul class=\"tribe-events-meta-list\">\n\n\t\t\n\t\t\t<li class=\"tribe-events-meta-item\">\n\t\t\t\t<span class=\"tribe-events-meta-label\">Date :<\/span>\n\t\t\t\t<span class=\"tribe-events-meta-value\">\n\t\t\t\t\t<abbr class=\"tribe-events-abbr tribe-events-start-date published dtstart\" title=\"2025-08-13\"> 13 ao\u00fbt, 2025 <\/abbr>\n\t\t\t\t<\/span>\n\t\t\t<\/li>\n\n\t\t\t<li class=\"tribe-events-meta-item\">\n\t\t\t\t<span class=\"tribe-events-meta-label\">Heure\u00a0:<\/span>\n\t\t\t\t<span class=\"tribe-events-meta-value\">\n\t\t\t\t\t<div class=\"tribe-events-abbr tribe-events-start-time published dtstart\" title=\"2025-08-13\">\n\t\t\t\t\t\t11h00jusqu\\&#039;\u00e012h00\t\t\t\t\t\t\t\t\t\t\t<\/div>\n\t\t\t\t<\/span>\n\t\t\t<\/li>\n\n\t\t\n\t\t\n\t\t\n\t\t<li class=\"tribe-events-meta-item\"><span class=\"tribe-events-event-categories-label tribe-events-meta-label\">Cat\u00e9gories d\u2019\u00c9v\u00e8nement:<\/span> <span class=\"tribe-events-event-categories tribe-events-meta-value\"><a href=\"https:\/\/festivalechodesmots.fr\/index.php\/events\/categorie\/spectacles\/recit\/\" rel=\"tag\">R\u00e9cit<\/a>, <a href=\"https:\/\/festivalechodesmots.fr\/index.php\/events\/categorie\/spectacles\/\" rel=\"tag\">Spectacles<\/a><\/span><\/li>\n\t\t<li class=\"tribe-events-meta-item\"><span class=\"tribe-event-tags-label tribe-events-meta-label\">\u00c9v\u00e8nement Tags:<\/span><span class=\"tribe-event-tags tribe-events-meta-value\"><a href=\"https:\/\/festivalechodesmots.fr\/events\/etiquette\/13-aout\/\" rel=\"tag\">13 ao\u00fbt<\/a>, <a href=\"https:\/\/festivalechodesmots.fr\/events\/etiquette\/spectacle\/\" rel=\"tag\">Spectacle<\/a><\/span><\/li>\n\t\t\n\t\t\t<\/ul>\n<\/div>\n\t\n\t<\/div>\n\n\n\t<div  class=\"tribe-block tribe-block__events-link\" >\n\t\t<div class=\"tribe-events tribe-common\">\n\t\t\t<div class=\"tribe-events-c-subscribe-dropdown__container\">\n\t\t\t\t<div class=\"tribe-events-c-subscribe-dropdown\">\n\t\t\t\t\t<div class=\"tribe-common-c-btn-border tribe-events-c-subscribe-dropdown__button\">\n\t\t\t\t\t\t<svg\n\t class=\"tribe-common-c-svgicon tribe-common-c-svgicon--cal-export tribe-events-c-subscribe-dropdown__export-icon\" \taria-hidden=\"true\"\n\tviewBox=\"0 0 23 17\"\n\txmlns=\"http:\/\/www.w3.org\/2000\/svg\"\n>\n\t<path fill-rule=\"evenodd\" clip-rule=\"evenodd\" d=\"M.128.896V16.13c0 .211.145.383.323.383h15.354c.179 0 .323-.172.323-.383V.896c0-.212-.144-.383-.323-.383H.451C.273.513.128.684.128.896Zm16 6.742h-.901V4.679H1.009v10.729h14.218v-3.336h.901V7.638ZM1.01 1.614h14.218v2.058H1.009V1.614Z\" \/>\n\t<path d=\"M20.5 9.846H8.312M18.524 6.953l2.89 2.909-2.855 2.855\" stroke-width=\"1.2\" stroke-linecap=\"round\" stroke-linejoin=\"round\"\/>\n<\/svg>\n\t\t\t\t\t\t<button\n\t\t\t\t\t\t\tclass=\"tribe-events-c-subscribe-dropdown__button-text\"\n\t\t\t\t\t\t\taria-expanded=\"false\"\n\t\t\t\t\t\t\taria-controls=\"tribe-events-subscribe-dropdown-content\"\n\t\t\t\t\t\t\taria-label=\"Afficher les liens permettant d\u2019ajouter des \u00e9v\u00e8nements \u00e0 votre calendrier\"\n\t\t\t\t\t\t>\n\t\t\t\t\t\t\tAjouter au calendrier\t\t\t\t\t\t<\/button>\n\t\t\t\t\t\t<svg\n\t class=\"tribe-common-c-svgicon tribe-common-c-svgicon--caret-down tribe-events-c-subscribe-dropdown__button-icon\" \taria-hidden=\"true\"\n\tviewBox=\"0 0 10 7\"\n\txmlns=\"http:\/\/www.w3.org\/2000\/svg\"\n>\n\t<path fill-rule=\"evenodd\" clip-rule=\"evenodd\" d=\"M1.008.609L5 4.6 8.992.61l.958.958L5 6.517.05 1.566l.958-.958z\" class=\"tribe-common-c-svgicon__svg-fill\"\/>\n<\/svg>\n\t\t\t\t\t<\/div>\n\t\t\t\t\t<div id=\"tribe-events-subscribe-dropdown-content\" class=\"tribe-events-c-subscribe-dropdown__content\">\n\t\t\t\t\t\t<ul class=\"tribe-events-c-subscribe-dropdown__list\">\n\t\t\t\t\t\t\t\t\t\t\t\t\t\t\t<li class=\"tribe-events-c-subscribe-dropdown__list-item tribe-events-c-subscribe-dropdown__list-item--gcal\">\n\t\t\t\t\t\t\t\t\t<a\n\t\t\t\t\t\t\t\t\t\thref=\"https:\/\/www.google.com\/calendar\/event?action=TEMPLATE&#038;dates=20250813T110000\/20250813T120000&#038;text=Terre%20Promise&#038;details=%3Ch3%3E%3Cstrong%3EOlivier+Sessa+%2B+Anne-Sophie+Masson%3C%2Fstrong%3E+%7C+Morbihan%3C%2Fh3%3E%3Cp%3E%3Cstrong%3ER%C3%A9cit%3C%2Fstrong%3E%3C%2Fp%3E+%3Cp%3E%3Cstrong%3EDe+8+%C3%A0+108+ans+%3C%2Fstrong%3E%3C%2Fp%3E+%3Cp%3E%3Cstrong%3ESaint-Bonnet-en-Champsaur+-+L%E2%80%99Ouort+de+Benev%C3%A8nt+-+Route+des+Gentillons%3C%2Fstrong%3E%3C%2Fp%3E+%3Cp%3E%3Cstrong%3E1h%3C%2Fstrong%3E%3C%2Fp%3E+%3Cp%3EOliv+revient+sur+les+traces+de+ses+anc%C3%AAtres%2C+entre+Terre+et+Mer%2C+%C3%A0+la+rencontre+de+sa+profonde+Bretagne+%3A+la+maison+de+son+enfance%2C+sa+vieille+bigote+de+voisine%2C+une+f%C3%AAte+religieuse+traditionnelle%2C+un+festival+des+vieilles+Charrues%2C+des+retrouvailles+avec+un+vieux+copain+des+bancs+d%E2%80%99%C3%A9cole+devenu+paysan%2C+la+vie+de+bagnard+des+p%C3%AAcheurs+de+morue%2C+un+fossoyeur+peu+rassurant.+Ce+voyage+identitaire+dr%C3%B4le%2C+%C3%A9prouvant%2C+touchant+et+surprenant%2C+Oliv+le+vit+pas+%C3%A0+pas%2C+sous+l%E2%80%99%C5%93il+attentif+d%E2%80%99Anso%2C+son+ange+gardien%2C+sa+f%C3%A9e%2C+sa+muse+imaginaire%2C+sa+boh%C3%A9mienne+du+c%C5%93ur.%3C%2Fp%3E+&#038;trp=false&#038;ctz=Europe\/Paris&#038;sprop=website:https:\/\/festivalechodesmots.fr\"\n\t\t\t\t\t\t\t\t\t\tclass=\"tribe-events-c-subscribe-dropdown__list-item-link\"\n\t\t\t\t\t\t\t\t\t\ttarget=\"_blank\"\n\t\t\t\t\t\t\t\t\t\trel=\"noopener noreferrer nofollow noindex\"\n\t\t\t\t\t\t\t\t\t>\n\t\t\t\t\t\t\t\t\t\tGoogle Agenda\t\t\t\t\t\t\t\t\t<\/a>\n\t\t\t\t\t\t\t\t<\/li>\n\t\t\t\t\t\t\t\t\t\t\t\t\t\t\t<li class=\"tribe-events-c-subscribe-dropdown__list-item tribe-events-c-subscribe-dropdown__list-item--ical\">\n\t\t\t\t\t\t\t\t\t<a\n\t\t\t\t\t\t\t\t\t\thref=\"\"\n\t\t\t\t\t\t\t\t\t\tclass=\"tribe-events-c-subscribe-dropdown__list-item-link\"\n\t\t\t\t\t\t\t\t\t\ttarget=\"_blank\"\n\t\t\t\t\t\t\t\t\t\trel=\"noopener noreferrer nofollow noindex\"\n\t\t\t\t\t\t\t\t\t>\n\t\t\t\t\t\t\t\t\t\tiCalendar\t\t\t\t\t\t\t\t\t<\/a>\n\t\t\t\t\t\t\t\t<\/li>\n\t\t\t\t\t\t\t\t\t\t\t\t\t\t\t<li class=\"tribe-events-c-subscribe-dropdown__list-item tribe-events-c-subscribe-dropdown__list-item--outlook-365\">\n\t\t\t\t\t\t\t\t\t<a\n\t\t\t\t\t\t\t\t\t\thref=\"\"\n\t\t\t\t\t\t\t\t\t\tclass=\"tribe-events-c-subscribe-dropdown__list-item-link\"\n\t\t\t\t\t\t\t\t\t\ttarget=\"_blank\"\n\t\t\t\t\t\t\t\t\t\trel=\"noopener noreferrer nofollow noindex\"\n\t\t\t\t\t\t\t\t\t>\n\t\t\t\t\t\t\t\t\t\tOutlook 365\t\t\t\t\t\t\t\t\t<\/a>\n\t\t\t\t\t\t\t\t<\/li>\n\t\t\t\t\t\t\t\t\t\t\t\t\t\t\t<li class=\"tribe-events-c-subscribe-dropdown__list-item tribe-events-c-subscribe-dropdown__list-item--outlook-live\">\n\t\t\t\t\t\t\t\t\t<a\n\t\t\t\t\t\t\t\t\t\thref=\"\"\n\t\t\t\t\t\t\t\t\t\tclass=\"tribe-events-c-subscribe-dropdown__list-item-link\"\n\t\t\t\t\t\t\t\t\t\ttarget=\"_blank\"\n\t\t\t\t\t\t\t\t\t\trel=\"noopener noreferrer nofollow noindex\"\n\t\t\t\t\t\t\t\t\t>\n\t\t\t\t\t\t\t\t\t\tOutlook Live\t\t\t\t\t\t\t\t\t<\/a>\n\t\t\t\t\t\t\t\t<\/li>\n\t\t\t\t\t\t\t\t\t\t\t\t\t<\/ul>\n\t\t\t\t\t<\/div>\n\t\t\t\t<\/div>\n\t\t\t<\/div>\n\t\t<\/div>\n\t<\/div>\n\n\n\n<div  class=\"tribe-block tribe-block__venue tribe-clearfix tribe-block__venue--has-map\" >\n\t\n\t\t\n\t<\/div>\n","protected":false},"excerpt":{"rendered":"<p>Olivier Sessa + Anne-Sophie Masson | Morbihan R\u00e9cit De 8 \u00e0 108 ans Saint-Bonnet-en-Champsaur &#8211; L\u2019Ouort de Benev\u00e8nt &#8211; Route des Gentillons 1h Oliv revient sur les traces de ses&#8230;<\/p>\n","protected":false},"author":1,"featured_media":1465,"template":"","meta":{"_EventAllDay":false,"_EventTimezone":"Europe\/Paris","_EventStartDate":"2025-08-13 11:00:00","_EventEndDate":"2025-08-13 12:00:00","_EventStartDateUTC":"2025-08-13 09:00:00","_EventEndDateUTC":"2025-08-13 10:00:00","_EventShowMap":true,"_EventShowMapLink":true,"_EventURL":"","_EventCost":"","_EventCostDescription":"","_EventCurrencySymbol":"\u20ac","_EventCurrencyCode":"EUR","_EventCurrencyPosition":"suffix","_EventDateTimeSeparator":"","_EventTimeRangeSeparator":"","_EventOrganizerID":[],"_EventVenueID":[],"_OrganizerEmail":"","_OrganizerPhone":"","_OrganizerWebsite":"","_VenueAddress":"","_VenueCity":"","_VenueCountry":"","_VenueProvince":"","_VenueState":"","_VenueZip":"","_VenuePhone":"","_VenueURL":"","_VenueStateProvince":"","_VenueLat":"","_VenueLng":"","_VenueShowMap":false,"_VenueShowMapLink":false,"_themeisle_gutenberg_block_has_review":false,"_kad_post_transparent":"","_kad_post_title":"","_kad_post_layout":"","_kad_post_sidebar_id":"","_kad_post_content_style":"","_kad_post_vertical_padding":"","_kad_post_feature":"","_kad_post_feature_position":"","_kad_post_header":false,"_kad_post_footer":false,"_kad_post_classname":"","_tribe_events_status":"","_tribe_events_status_reason":"","footnotes":""},"tags":[30,46],"tribe_events_cat":[40,5],"class_list":["post-1169","tribe_events","type-tribe_events","status-publish","has-post-thumbnail","hentry","tag-13-aout","tag-spectacle","tribe_events_cat-recit","tribe_events_cat-spectacles","cat_recit","cat_spectacles"],"yoast_head":"<!-- This site is optimized with the Yoast SEO plugin v27.4 - https:\/\/yoast.com\/product\/yoast-seo-wordpress\/ -->\n<title>Terre Promise - Festival Echo des Mots<\/title>\n<meta name=\"description\" content=\"Oliv revient sur les traces de ses anc\u00eatres, entre Terre et Mer, \u00e0 la rencontre de sa profonde Bretagne : la maison de son enfance, sa vieille bigote de voisine, une f\u00eate religieuse traditionnelle, un festival des vieilles Charrues, des retrouvailles avec un vieux copain des bancs d\u2019\u00e9cole devenu paysan, la vie de bagnard des p\u00eacheurs de morue, un fossoyeur peu rassurant. Ce voyage identitaire dr\u00f4le, \u00e9prouvant, touchant et surprenant, Oliv le vit pas \u00e0 pas, sous l\u2019\u0153il attentif d\u2019Anso, son ange gardien, sa f\u00e9e, sa muse imaginaire, sa boh\u00e9mienne du c\u0153ur.\" \/>\n<meta name=\"robots\" content=\"index, follow, max-snippet:-1, max-image-preview:large, max-video-preview:-1\" \/>\n<link rel=\"canonical\" href=\"https:\/\/festivalechodesmots.fr\/index.php\/event\/terre-promise\/\" \/>\n<meta property=\"og:locale\" content=\"fr_FR\" \/>\n<meta property=\"og:type\" content=\"article\" \/>\n<meta property=\"og:title\" content=\"Terre Promise - Festival Echo des Mots\" \/>\n<meta property=\"og:description\" content=\"Oliv revient sur les traces de ses anc\u00eatres, entre Terre et Mer, \u00e0 la rencontre de sa profonde Bretagne : la maison de son enfance, sa vieille bigote de voisine, une f\u00eate religieuse traditionnelle, un festival des vieilles Charrues, des retrouvailles avec un vieux copain des bancs d\u2019\u00e9cole devenu paysan, la vie de bagnard des p\u00eacheurs de morue, un fossoyeur peu rassurant. Ce voyage identitaire dr\u00f4le, \u00e9prouvant, touchant et surprenant, Oliv le vit pas \u00e0 pas, sous l\u2019\u0153il attentif d\u2019Anso, son ange gardien, sa f\u00e9e, sa muse imaginaire, sa boh\u00e9mienne du c\u0153ur.\" \/>\n<meta property=\"og:url\" content=\"https:\/\/festivalechodesmots.fr\/index.php\/event\/terre-promise\/\" \/>\n<meta property=\"og:site_name\" content=\"Festival Echo des Mots\" \/>\n<meta property=\"article:modified_time\" content=\"2026-04-01T09:16:39+00:00\" \/>\n<meta property=\"og:image\" content=\"https:\/\/festivalechodesmots.fr\/wp-content\/uploads\/2025\/07\/30-Terre-Promise-scaled.jpg\" \/>\n\t<meta property=\"og:image:width\" content=\"2560\" \/>\n\t<meta property=\"og:image:height\" content=\"1859\" \/>\n\t<meta property=\"og:image:type\" content=\"image\/jpeg\" \/>\n<meta name=\"twitter:card\" content=\"summary_large_image\" \/>\n<meta name=\"twitter:label1\" content=\"Dur\u00e9e de lecture estim\u00e9e\" \/>\n\t<meta name=\"twitter:data1\" content=\"1 minute\" \/>\n<script type=\"application\/ld+json\" class=\"yoast-schema-graph\">{\"@context\":\"https:\\\/\\\/schema.org\",\"@graph\":[{\"@type\":\"WebPage\",\"@id\":\"https:\\\/\\\/festivalechodesmots.fr\\\/index.php\\\/event\\\/terre-promise\\\/\",\"url\":\"https:\\\/\\\/festivalechodesmots.fr\\\/index.php\\\/event\\\/terre-promise\\\/\",\"name\":\"Terre Promise - Festival Echo des Mots\",\"isPartOf\":{\"@id\":\"https:\\\/\\\/festivalechodesmots.fr\\\/#website\"},\"primaryImageOfPage\":{\"@id\":\"https:\\\/\\\/festivalechodesmots.fr\\\/index.php\\\/event\\\/terre-promise\\\/#primaryimage\"},\"image\":{\"@id\":\"https:\\\/\\\/festivalechodesmots.fr\\\/index.php\\\/event\\\/terre-promise\\\/#primaryimage\"},\"thumbnailUrl\":\"https:\\\/\\\/festivalechodesmots.fr\\\/wp-content\\\/uploads\\\/2025\\\/07\\\/30-Terre-Promise-scaled.jpg\",\"datePublished\":\"2025-06-26T07:18:41+00:00\",\"dateModified\":\"2026-04-01T09:16:39+00:00\",\"description\":\"Oliv revient sur les traces de ses anc\u00eatres, entre Terre et Mer, \u00e0 la rencontre de sa profonde Bretagne : la maison de son enfance, sa vieille bigote de voisine, une f\u00eate religieuse traditionnelle, un festival des vieilles Charrues, des retrouvailles avec un vieux copain des bancs d\u2019\u00e9cole devenu paysan, la vie de bagnard des p\u00eacheurs de morue, un fossoyeur peu rassurant. Ce voyage identitaire dr\u00f4le, \u00e9prouvant, touchant et surprenant, Oliv le vit pas \u00e0 pas, sous l\u2019\u0153il attentif d\u2019Anso, son ange gardien, sa f\u00e9e, sa muse imaginaire, sa boh\u00e9mienne du c\u0153ur.\",\"breadcrumb\":{\"@id\":\"https:\\\/\\\/festivalechodesmots.fr\\\/index.php\\\/event\\\/terre-promise\\\/#breadcrumb\"},\"inLanguage\":\"fr-FR\",\"potentialAction\":[{\"@type\":\"ReadAction\",\"target\":[\"https:\\\/\\\/festivalechodesmots.fr\\\/index.php\\\/event\\\/terre-promise\\\/\"]}]},{\"@type\":\"ImageObject\",\"inLanguage\":\"fr-FR\",\"@id\":\"https:\\\/\\\/festivalechodesmots.fr\\\/index.php\\\/event\\\/terre-promise\\\/#primaryimage\",\"url\":\"https:\\\/\\\/festivalechodesmots.fr\\\/wp-content\\\/uploads\\\/2025\\\/07\\\/30-Terre-Promise-scaled.jpg\",\"contentUrl\":\"https:\\\/\\\/festivalechodesmots.fr\\\/wp-content\\\/uploads\\\/2025\\\/07\\\/30-Terre-Promise-scaled.jpg\",\"width\":2560,\"height\":1859},{\"@type\":\"BreadcrumbList\",\"@id\":\"https:\\\/\\\/festivalechodesmots.fr\\\/index.php\\\/event\\\/terre-promise\\\/#breadcrumb\",\"itemListElement\":[{\"@type\":\"ListItem\",\"position\":1,\"name\":\"Accueil\",\"item\":\"https:\\\/\\\/festivalechodesmots.fr\\\/\"},{\"@type\":\"ListItem\",\"position\":2,\"name\":\"\u00c9v\u00e8nements\",\"item\":\"https:\\\/\\\/festivalechodesmots.fr\\\/index.php\\\/events\\\/\"},{\"@type\":\"ListItem\",\"position\":3,\"name\":\"Terre Promise\"}]},{\"@type\":\"WebSite\",\"@id\":\"https:\\\/\\\/festivalechodesmots.fr\\\/#website\",\"url\":\"https:\\\/\\\/festivalechodesmots.fr\\\/\",\"name\":\"Festival Echo des Mots\",\"description\":\"\",\"publisher\":{\"@id\":\"https:\\\/\\\/festivalechodesmots.fr\\\/#organization\"},\"potentialAction\":[{\"@type\":\"SearchAction\",\"target\":{\"@type\":\"EntryPoint\",\"urlTemplate\":\"https:\\\/\\\/festivalechodesmots.fr\\\/?s={search_term_string}\"},\"query-input\":{\"@type\":\"PropertyValueSpecification\",\"valueRequired\":true,\"valueName\":\"search_term_string\"}}],\"inLanguage\":\"fr-FR\"},{\"@type\":\"Organization\",\"@id\":\"https:\\\/\\\/festivalechodesmots.fr\\\/#organization\",\"name\":\"Festival Echo des Mots\",\"url\":\"https:\\\/\\\/festivalechodesmots.fr\\\/\",\"logo\":{\"@type\":\"ImageObject\",\"inLanguage\":\"fr-FR\",\"@id\":\"https:\\\/\\\/festivalechodesmots.fr\\\/#\\\/schema\\\/logo\\\/image\\\/\",\"url\":\"https:\\\/\\\/festivalechodesmots.fr\\\/wp-content\\\/uploads\\\/2025\\\/03\\\/cropped-Logo_Echo_Des_Mots_OK_RVB.png\",\"contentUrl\":\"https:\\\/\\\/festivalechodesmots.fr\\\/wp-content\\\/uploads\\\/2025\\\/03\\\/cropped-Logo_Echo_Des_Mots_OK_RVB.png\",\"width\":512,\"height\":512,\"caption\":\"Festival Echo des Mots\"},\"image\":{\"@id\":\"https:\\\/\\\/festivalechodesmots.fr\\\/#\\\/schema\\\/logo\\\/image\\\/\"}}]}<\/script>\n<!-- \/ Yoast SEO plugin. -->","yoast_head_json":{"title":"Terre Promise - Festival Echo des Mots","description":"Oliv revient sur les traces de ses anc\u00eatres, entre Terre et Mer, \u00e0 la rencontre de sa profonde Bretagne : la maison de son enfance, sa vieille bigote de voisine, une f\u00eate religieuse traditionnelle, un festival des vieilles Charrues, des retrouvailles avec un vieux copain des bancs d\u2019\u00e9cole devenu paysan, la vie de bagnard des p\u00eacheurs de morue, un fossoyeur peu rassurant. Ce voyage identitaire dr\u00f4le, \u00e9prouvant, touchant et surprenant, Oliv le vit pas \u00e0 pas, sous l\u2019\u0153il attentif d\u2019Anso, son ange gardien, sa f\u00e9e, sa muse imaginaire, sa boh\u00e9mienne du c\u0153ur.","robots":{"index":"index","follow":"follow","max-snippet":"max-snippet:-1","max-image-preview":"max-image-preview:large","max-video-preview":"max-video-preview:-1"},"canonical":"https:\/\/festivalechodesmots.fr\/index.php\/event\/terre-promise\/","og_locale":"fr_FR","og_type":"article","og_title":"Terre Promise - Festival Echo des Mots","og_description":"Oliv revient sur les traces de ses anc\u00eatres, entre Terre et Mer, \u00e0 la rencontre de sa profonde Bretagne : la maison de son enfance, sa vieille bigote de voisine, une f\u00eate religieuse traditionnelle, un festival des vieilles Charrues, des retrouvailles avec un vieux copain des bancs d\u2019\u00e9cole devenu paysan, la vie de bagnard des p\u00eacheurs de morue, un fossoyeur peu rassurant. Ce voyage identitaire dr\u00f4le, \u00e9prouvant, touchant et surprenant, Oliv le vit pas \u00e0 pas, sous l\u2019\u0153il attentif d\u2019Anso, son ange gardien, sa f\u00e9e, sa muse imaginaire, sa boh\u00e9mienne du c\u0153ur.","og_url":"https:\/\/festivalechodesmots.fr\/index.php\/event\/terre-promise\/","og_site_name":"Festival Echo des Mots","article_modified_time":"2026-04-01T09:16:39+00:00","og_image":[{"width":2560,"height":1859,"url":"https:\/\/festivalechodesmots.fr\/wp-content\/uploads\/2025\/07\/30-Terre-Promise-scaled.jpg","type":"image\/jpeg"}],"twitter_card":"summary_large_image","twitter_misc":{"Dur\u00e9e de lecture estim\u00e9e":"1 minute"},"schema":{"@context":"https:\/\/schema.org","@graph":[{"@type":"WebPage","@id":"https:\/\/festivalechodesmots.fr\/index.php\/event\/terre-promise\/","url":"https:\/\/festivalechodesmots.fr\/index.php\/event\/terre-promise\/","name":"Terre Promise - Festival Echo des Mots","isPartOf":{"@id":"https:\/\/festivalechodesmots.fr\/#website"},"primaryImageOfPage":{"@id":"https:\/\/festivalechodesmots.fr\/index.php\/event\/terre-promise\/#primaryimage"},"image":{"@id":"https:\/\/festivalechodesmots.fr\/index.php\/event\/terre-promise\/#primaryimage"},"thumbnailUrl":"https:\/\/festivalechodesmots.fr\/wp-content\/uploads\/2025\/07\/30-Terre-Promise-scaled.jpg","datePublished":"2025-06-26T07:18:41+00:00","dateModified":"2026-04-01T09:16:39+00:00","description":"Oliv revient sur les traces de ses anc\u00eatres, entre Terre et Mer, \u00e0 la rencontre de sa profonde Bretagne : la maison de son enfance, sa vieille bigote de voisine, une f\u00eate religieuse traditionnelle, un festival des vieilles Charrues, des retrouvailles avec un vieux copain des bancs d\u2019\u00e9cole devenu paysan, la vie de bagnard des p\u00eacheurs de morue, un fossoyeur peu rassurant. Ce voyage identitaire dr\u00f4le, \u00e9prouvant, touchant et surprenant, Oliv le vit pas \u00e0 pas, sous l\u2019\u0153il attentif d\u2019Anso, son ange gardien, sa f\u00e9e, sa muse imaginaire, sa boh\u00e9mienne du c\u0153ur.","breadcrumb":{"@id":"https:\/\/festivalechodesmots.fr\/index.php\/event\/terre-promise\/#breadcrumb"},"inLanguage":"fr-FR","potentialAction":[{"@type":"ReadAction","target":["https:\/\/festivalechodesmots.fr\/index.php\/event\/terre-promise\/"]}]},{"@type":"ImageObject","inLanguage":"fr-FR","@id":"https:\/\/festivalechodesmots.fr\/index.php\/event\/terre-promise\/#primaryimage","url":"https:\/\/festivalechodesmots.fr\/wp-content\/uploads\/2025\/07\/30-Terre-Promise-scaled.jpg","contentUrl":"https:\/\/festivalechodesmots.fr\/wp-content\/uploads\/2025\/07\/30-Terre-Promise-scaled.jpg","width":2560,"height":1859},{"@type":"BreadcrumbList","@id":"https:\/\/festivalechodesmots.fr\/index.php\/event\/terre-promise\/#breadcrumb","itemListElement":[{"@type":"ListItem","position":1,"name":"Accueil","item":"https:\/\/festivalechodesmots.fr\/"},{"@type":"ListItem","position":2,"name":"\u00c9v\u00e8nements","item":"https:\/\/festivalechodesmots.fr\/index.php\/events\/"},{"@type":"ListItem","position":3,"name":"Terre Promise"}]},{"@type":"WebSite","@id":"https:\/\/festivalechodesmots.fr\/#website","url":"https:\/\/festivalechodesmots.fr\/","name":"Festival Echo des Mots","description":"","publisher":{"@id":"https:\/\/festivalechodesmots.fr\/#organization"},"potentialAction":[{"@type":"SearchAction","target":{"@type":"EntryPoint","urlTemplate":"https:\/\/festivalechodesmots.fr\/?s={search_term_string}"},"query-input":{"@type":"PropertyValueSpecification","valueRequired":true,"valueName":"search_term_string"}}],"inLanguage":"fr-FR"},{"@type":"Organization","@id":"https:\/\/festivalechodesmots.fr\/#organization","name":"Festival Echo des Mots","url":"https:\/\/festivalechodesmots.fr\/","logo":{"@type":"ImageObject","inLanguage":"fr-FR","@id":"https:\/\/festivalechodesmots.fr\/#\/schema\/logo\/image\/","url":"https:\/\/festivalechodesmots.fr\/wp-content\/uploads\/2025\/03\/cropped-Logo_Echo_Des_Mots_OK_RVB.png","contentUrl":"https:\/\/festivalechodesmots.fr\/wp-content\/uploads\/2025\/03\/cropped-Logo_Echo_Des_Mots_OK_RVB.png","width":512,"height":512,"caption":"Festival Echo des Mots"},"image":{"@id":"https:\/\/festivalechodesmots.fr\/#\/schema\/logo\/image\/"}}]}},"_links":{"self":[{"href":"https:\/\/festivalechodesmots.fr\/index.php\/wp-json\/wp\/v2\/tribe_events\/1169","targetHints":{"allow":["GET"]}}],"collection":[{"href":"https:\/\/festivalechodesmots.fr\/index.php\/wp-json\/wp\/v2\/tribe_events"}],"about":[{"href":"https:\/\/festivalechodesmots.fr\/index.php\/wp-json\/wp\/v2\/types\/tribe_events"}],"author":[{"embeddable":true,"href":"https:\/\/festivalechodesmots.fr\/index.php\/wp-json\/wp\/v2\/users\/1"}],"version-history":[{"count":3,"href":"https:\/\/festivalechodesmots.fr\/index.php\/wp-json\/wp\/v2\/tribe_events\/1169\/revisions"}],"predecessor-version":[{"id":1818,"href":"https:\/\/festivalechodesmots.fr\/index.php\/wp-json\/wp\/v2\/tribe_events\/1169\/revisions\/1818"}],"wp:featuredmedia":[{"embeddable":true,"href":"https:\/\/festivalechodesmots.fr\/index.php\/wp-json\/wp\/v2\/media\/1465"}],"wp:attachment":[{"href":"https:\/\/festivalechodesmots.fr\/index.php\/wp-json\/wp\/v2\/media?parent=1169"}],"wp:term":[{"taxonomy":"post_tag","embeddable":true,"href":"https:\/\/festivalechodesmots.fr\/index.php\/wp-json\/wp\/v2\/tags?post=1169"},{"taxonomy":"tribe_events_cat","embeddable":true,"href":"https:\/\/festivalechodesmots.fr\/index.php\/wp-json\/wp\/v2\/tribe_events_cat?post=1169"}],"curies":[{"name":"wp","href":"https:\/\/api.w.org\/{rel}","templated":true}]}}